{"id":3533,"date":"2013-07-08T13:37:35","date_gmt":"2013-07-08T11:37:35","guid":{"rendered":"http:\/\/storytellers.se\/?page_id=3533"},"modified":"2013-07-08T13:37:35","modified_gmt":"2013-07-08T11:37:35","slug":"kurser-och-rad","status":"publish","type":"page","link":"https:\/\/storytellers.se\/?page_id=3533","title":{"rendered":"Kurser och r\u00e5d"},"content":{"rendered":"<p><strong>Allt p\u00e5g\u00e5r som vanligt men jag har blivit d\u00e5lig p\u00e5 att uppdatera. En del uppdragsgivare vill heller inte att jag ber\u00e4ttar om dem. D\u00e4r har en f\u00f6r\u00e4ndring intr\u00e4ffat p\u00e5 senare \u00e5r. Jag jobbar allts\u00e5 p\u00e5 som vanligt med uppdrag och utbildningar. P\u00e5\u00a0svenska och engelska.<\/strong><\/p>\n<p><img decoding=\"async\" title=\"(L\u00e4s mer...)\" src=\"https:\/\/heijbel.wordpress.com\/wp-includes\/js\/tinymce\/plugins\/wordpress\/img\/trans.gif\" alt=\"\" \/><br \/>\nJag, <strong>Matts Heijbel<\/strong>, har l\u00f6pande best\u00e4llda, ofta skr\u00e4ddarsydda, utbildningar och seminarier hos f\u00f6retag och organisationer. I regel arbetar jag efter sen v\u00e4l inarbetade Heijbelmodellen. Kontakta mig om du vill diskutera en s\u00e5dan eventuell insats. Det kostar ingenting att fr\u00e5ga.<\/p>\n<p>Jag kan erbjuda allt fr\u00e5n en kort storyupplevelse om storytelling i organisationer till hela projekt fr\u00e5n inspiration via sk\u00f6rd, f\u00f6rpackning och implementering av ber\u00e4ttelser. Jag kan ocks\u00e5 koppla in mina varum\u00e4rkesexperter om det g\u00e4ller ett helt grundl\u00e4ggande v\u00e4rdegrundsarbete fr\u00e5n a till \u00f6. Jag har ocks\u00e5 tillg\u00e5ng till bra filmare.<\/p>\n<p>H\u00e4r under \u00e4r n\u00e5gra av de utbildningar som jag \u00e4r involverad i \u00e4ven s\u00e5dana som arrangeras av konferensarrang\u00f6rer som har mig med som en del i sitt utbud eller som enda f\u00f6rel\u00e4sare. H\u00f6gst upp listan finns det som ligger i nuet och framtiden. L\u00e4ngre ned \u00e4ldre uppgifter.<\/p>\n<p>En del uppdragsgivare vill inte att jag offentligg\u00f6r mina uppdrag \u00e5t dem.<br \/>\nJag registrerade f\u00f6r n\u00e5gra \u00e5r sedan bifirman Storytellerakademin som \u00e4r t\u00e4nkt att vara en plattform f\u00f6r professionell storytelling med utbildningar och certifieringar i Sverige.<\/p>\n<p><strong>14 april 2016<\/strong><br \/>\nSeminarium, Berghs School of Communication<\/p>\n<p><strong>15 mars 2016<\/strong><br \/>\nInspirationsf\u00f6rel\u00e4sning, GIH, Stockholm<\/p>\n<p><strong>24 januari 2016<\/strong><br \/>\nSeminarium K22, Stockholm<\/p>\n<p><strong>9 februari 2016<\/strong><br \/>\nSeminarium i samarbete med Talentum Events, Stockholm<\/p>\n<p><strong>26 januari 2015<\/strong><br \/>\nSeminarium K22, Stockholm<\/p>\n<p><strong>25 januari 2016<\/strong><br \/>\nSeminarium hos Senior Advisers, Stockholm<\/p>\n<p><strong>10 december 2015<\/strong><br \/>\nInternationellt EU-seminarium f\u00f6r \u00d6stersj\u00f6staterna i regi av Interreg i Warszawa, Polen<\/p>\n<p><strong>1 december 2015<\/strong><br \/>\nEmployer Branding f\u00f6r HR-seminarium i samarbete med Annika Ahnlund och HRBloggen<\/p>\n<p><strong>30 november 2015<\/strong><br \/>\nInternationellt EU-seminarium Interreg Baltic Sea Region i \u00c5bo, Finland<\/p>\n<p><strong>19 november 2015<\/strong><br \/>\nInspirationsf\u00f6rel\u00e4sning och seminarium p\u00e5 Berghs School of Communication<\/p>\n<p><strong>27 oktober 2015<\/strong><br \/>\nM\u00e5ltidens dag i Vara<\/p>\n<p><strong>26 oktober 2015<\/strong><br \/>\nM\u00e5ltidens dag i \u00d6rebro. Seminarium \/ inspirationsf\u00f6rel\u00e4sning<\/p>\n<p><strong>13 oktober 2015<\/strong><br \/>\nDiskussionsseminarium hos Skolverket<\/p>\n<p><strong>23 september 2015<\/strong><br \/>\nSeminarium med sk\u00f6rdefest och filmning hos Inera<\/p>\n<p><strong>21 september 2015<\/strong><br \/>\nSeminarium hos Transfer, Stockholm<\/p>\n<p><strong>4 september 2015<\/strong><br \/>\nSonderingsdiskussioner S\u00f6dert\u00f6rns H\u00f6gskola<\/p>\n<p><strong>4 september 2015<\/strong><br \/>\nMiniseminarium GIH<\/p>\n<p><strong>26 augusti 2015<\/strong><br \/>\nSeminarium K22, Stockholm<\/p>\n<p><strong>23 juni 2015<\/strong><br \/>\nKortseminarium hos Huddinge kommun<\/p>\n<p><strong>4 juni 2015<\/strong><br \/>\nSeminarium hos Inero<\/p>\n<p><strong>29 maj 2015<\/strong><br \/>\nSeminarium hos Marknadsf\u00f6reningen i Stockholm<\/p>\n<p><strong>25 maj 2015<\/strong><br \/>\nSeminarium, sk\u00f6rdefest och filmning hos Stora Enso i Hyltebruk<\/p>\n<p><strong>22 maj 2015<\/strong><br \/>\nSeminarium, sk\u00f6rd och filmning i regi av ESV hos L\u00e4nsstyrelsen i V\u00e4sternorland, H\u00e4rn\u00f6sand<\/p>\n<p><strong>12 maj 2015<\/strong><br \/>\nSkolmatsakademin i G\u00f6teborg seminarium, sk\u00f6rdefest och filmning<\/p>\n<p><strong>8 maj 2015<\/strong><br \/>\nFilmning stories UK\u00c4<\/p>\n<p><strong>4 maj 2015<\/strong><br \/>\nSeminarium, sk\u00f6rdefest och filmning hos IVO i J\u00f6nk\u00f6ping<\/p>\n<p><strong>28 april 2015<\/strong><br \/>\nSeminarium, sk\u00f6rdefest och filmning hos IVO i G\u00f6teborg<\/p>\n<p><strong>23 april 2015<\/strong><br \/>\nSeminarium, sk\u00f6rdefest och filmning hos IVI i Stockholm<\/p>\n<p><strong>22 april 2015<\/strong><br \/>\nSeminarium, sk\u00f6rdefest och filmning hos IVO i Malm\u00f6<\/p>\n<p><strong>16 april 2015<\/strong><br \/>\nIVO seminarium och filmning i Ume\u00e5<\/p>\n<p><strong>14 april 2015<\/strong><br \/>\nFrukostseminarium p\u00e5 K22, Stockholm<\/p>\n<p><strong>10 april 2015<\/strong><br \/>\nSeminarium hos Marknadsf\u00f6reningen i Stockholm<\/p>\n<p><strong>31 mars 2015<\/strong><br \/>\nIVO<\/p>\n<p><strong>30 mars 2015<\/strong><br \/>\nDiskusioner mellan &#8221;Sk\u00e5l och v\u00e4gg&#8221; hos Svenska Spel p\u00e5 Gotland<\/p>\n<p><strong>26 mars 2015<\/strong><br \/>\nSeminarium, sk\u00f6rdefest och filmning hos Upplands-Bro kommun<\/p>\n<p><strong>25 mars 2015<\/strong><br \/>\nSeminarium och sk\u00f6rdefest med filmning hos IVO i \u00d6rebro<\/p>\n<p><strong>23 mars 2015<\/strong><br \/>\nSeminarium hos IVO<\/p>\n<p><strong>19 mars 2015<\/strong><br \/>\nHos SVA, Statens Veterin\u00e4rmedicinska Anstalt<\/p>\n<p><strong>11 mars 2015<\/strong><br \/>\nSeminarium f\u00f6r PWC i Halmstad<\/p>\n<p><strong>24 februari 2015<\/strong><br \/>\nSeminarium hos Stora Enso i Hyltebruk<\/p>\n<p><strong>19 februari 2015<\/strong><br \/>\nKurs Marknadsf\u00f6reningen Stockholm<\/p>\n<p><strong>12 februari 2015<\/strong><br \/>\nFrukostseminarium, K22 Stockholm<\/p>\n<p><strong>11 februari 2015<\/strong><br \/>\nUK\u00c4<\/p>\n<p><strong>27 januari 2015<\/strong><br \/>\nAdludo Gamification<\/p>\n<p><strong>26 januari 2015<\/strong><br \/>\nIngenj\u00f6rshuset<\/p>\n<p><strong>23 januari 2015<\/strong><br \/>\nPostkodlotteriet<\/p>\n<p><strong>21 januari 2015<\/strong><br \/>\nHos IVO, Inspektionen f\u00f6r V\u00e5rd och Omsorg<\/p>\n<p><strong>16 januari 2015<\/strong><br \/>\nHos Statens veterin\u00e4rmedicinska anstalt<\/p>\n<p><strong>15 januari 2015<\/strong><br \/>\nFrukostseminarium p\u00e5 K22 i Stockholm<\/p>\n<p><strong>18 december 2015<\/strong><br \/>\nLiving Room, Stockholm<\/p>\n<p><strong>12 december 2014<\/strong><br \/>\nF\u00f6rel\u00e4sning p\u00e5 S\u00f6dert\u00f6rns H\u00f6gskola<\/p>\n<p><strong>11 december 2014<\/strong><br \/>\nSeminarium hos Liljedahl Communication, \u00d6rebro<\/p>\n<p><strong>3 december 2014<\/strong><br \/>\nSeminarium K22, Stockholm<\/p>\n<p><strong>27 november 2014<\/strong><br \/>\nMarknadsf\u00f6reningen i Stockholm, seminarium<\/p>\n<p><strong>26 november 2014<\/strong><br \/>\nL\u00e4kare utan gr\u00e4nser<\/p>\n<p><strong>20 november 2014<\/strong><br \/>\nSeminarium K22, Stockholm<\/p>\n<p><strong>18 november 2014<\/strong><br \/>\nSeminarium i H\u00e4ssleholm<\/p>\n<p><strong>22 oktober 2014<\/strong><br \/>\nInleder Svenska Naturskyddsf\u00f6reningens visionsdag<\/p>\n<p><strong>21 oktober 2014<\/strong><br \/>\nKostnadsfritt frukostseminarium i G\u00f6teborg i samarbete med Plyhm Kommunikation<\/p>\n<p><strong>20 oktober 2014<\/strong><br \/>\nTr\u00e4ffar V\u00e4stra G\u00f6talandsregionen f\u00f6r att disutera ett skr\u00e4ddarsytt storytellingsspel<\/p>\n<p><strong>14 oktober 2014<\/strong><br \/>\nHalvdag med den svenska noden i internationella ICT p\u00e5 KTH.ICTs arbete g\u00e5r ut p\u00e5 att vara m\u00f6tesplats f\u00f6r studenter, forskare och n\u00e4ringslivsrepresentanter.<\/p>\n<p><strong>10 oktober 2014<\/strong><br \/>\nHalvdag med filmare hos omsorgsf\u00f6retaget Humana. Inspiration, workshop, sk\u00f6rdefest och filmning.<\/p>\n<p><strong>8 oktober 2014<\/strong><br \/>\nKostnadsfritt frukostseminarium p\u00e5 K22 i Stockholm.<\/p>\n<p><strong>7 oktober 2014<\/strong><br \/>\nHalvdagsseminarium hos Mis ( Marknadsf\u00f6reningen ) i Stockholm.<\/p>\n<p><strong>29 september 2014<\/strong><br \/>\nSeminarium och diskussion med kommunikat\u00f6rer i G\u00e4vle kring Storytelling i och om organisationer i G\u00e4vle hos deras organisation <em>Kommunicera<\/em>.<\/p>\n<p><strong>16 september 2014<\/strong><br \/>\nStorytellingdag i Gamla Link\u00f6ping med inspirationsf\u00f6rel\u00e4sning, workshop och sk\u00f6rdefest d\u00e4r vi f\u00e5r fram ett 20-tal ber\u00e4ttelser av vilka ett antal filmas vilket m\u00f6jligg\u00f6r direkt publicering.<\/p>\n<p><strong>11 september 2014<\/strong><br \/>\nHalvdag enligt <em>Heijbelmodellen<\/em> hos det kommunala bostadsbolaget St\u00e5ng\u00e5staden i Link\u00f6ping med inspirationsf\u00f6rel\u00e4sning, workshop och sk\u00f6rdefest samt filmning med tv\u00e5 filmare vilket resulterar i ett dussintal filmer klara f\u00f6r publicering omg\u00e5ende.<\/p>\n<p><strong>5 september 2014<\/strong><br \/>\nHalvdag enligt <em>Heijbelmodellen<\/em> i H\u00e4sselby\/V\u00e4llingby stadsdel. Inspirationsf\u00f6rel\u00e4sning, workshop, sk\u00f6rdefest och filmning.<\/p>\n<p><strong>4 september 2014<\/strong><br \/>\nHalvdag med storytelling enligt <em>Heijbelmodellen<\/em> p\u00e5 uppdrag av Tillv\u00e4xtverket med inspirationsf\u00f6rel\u00e4sning, workshop och sk\u00f6rdefest och filmning med 2 filmare och coachning av mig och Pa Neumuller. Seminariet \u00e4r riktat till Ambassad\u00f6rsn\u00e4tverket som best\u00e5r av kvinnor som \u00e4r f\u00f6retagare och som ber\u00e4ttar om sitt entrepren\u00f6rsskap.<\/p>\n<p><strong>27 augusti 2014<\/strong><br \/>\nHos Statens Veterin\u00e4rmedicinska Anstalt, SVA. Seminarium enligt <em>Heijbelmodellen<\/em> med inspirationsf\u00f6rel\u00e4sning, workshop och sk\u00f6rdefest f\u00f6ljd av filmning. Ett steg i myndighetens v\u00e4rdegrundsarbete.<\/p>\n<p><strong>26 augusti 2014<\/strong><br \/>\nFrukostseminarium p\u00e5 K22, S\u00f6dermalm i Stockholm.<\/p>\n<p><strong>17 juni 2014<\/strong><br \/>\nFrukostseminarium p\u00e5 K22, S\u00f6dermalm i Stockholm.<\/p>\n<p><strong>5 juni 2014<\/strong><br \/>\nDiskussionsseminarium med spelutvecklingsf\u00f6retaget Adludo om m\u00f6jligheterna att utveckla ett Corporate-Storytelling-Spel<\/p>\n<p><strong>23 maj 2014<\/strong><br \/>\nBoksignering hos Arlanda Express<\/p>\n<p><strong>20 maj 2014<\/strong><br \/>\nHos n\u00e4tverket Facilitator och h\u00e5ller inspirationsf\u00f6rel\u00e4sning med filmexempel<\/p>\n<p><strong>20 maj 2014<\/strong><br \/>\nHalvdagsseminarium enligt <em>Heijbelmodellen<\/em> hos Marknadsf\u00f6reningen i Stockholm, Mis.<\/p>\n<p><strong>15 maj 2014<\/strong><br \/>\nTr\u00e4ffar Hr- och kommunikationsm\u00e4nniskor vid G\u00e4vle kommun. Storytlling i den kommunala rekryteringen och kommunikationen.<\/p>\n<p><strong>14 maj 2014<\/strong><br \/>\nDirekts\u00e4ndning om storytelling i n\u00e4rradio, Haninge.<\/p>\n<p><strong>13 maj 2014<\/strong><br \/>\nFrukostseminarium hos Plyhm Kommunikation i G\u00f6teborg. Dragning av Heijbelmodellen och olika muntliga och filmade exempel.<\/p>\n<p><strong>13 maj 2014<\/strong><br \/>\nKortseminarium med V\u00e4stra G\u00f6talandsregionen om Heijbelmodellen och hur den kan anv\u00e4ndas i VG-regionen.<\/p>\n<p><strong>8 maj 2014<\/strong><br \/>\nHalvdagsseminarium hos Ericsson i Kista. Heijbelmodellen inklusive filmning.<\/p>\n<p><strong>24 april 2014<\/strong><br \/>\nFrukostseminarium i Stockholm p\u00e5 K22<\/p>\n<p><strong>22 april 2013<\/strong><br \/>\nF\u00f6rel\u00e4sning om Heijbelmodellen hos HR-f\u00f6reningens seniorn\u00e4tverk Meritus<\/p>\n<p><strong>10 april 2014<\/strong><br \/>\nHos H\u00e4sselby \/ V\u00e4llingeby stadsdelsf\u00f6rvaltning i Stockholm Stad. Seminarium f\u00f6r kommunala chefer. Hela <em>Heijbelmodellen<\/em> inklusive filmning.<\/p>\n<p><strong>9 april 2014<\/strong><br \/>\nSeminarium hos Marknadsf\u00f6reningen i Stockholm, Mis. Medarbetaren och varum\u00e4rket \u00e4r temat och jag \u00e4r en av f\u00f6rel\u00e4sarna. Kulturarbetare i varum\u00e4rkets tj\u00e4nst, kallar man det.<\/p>\n<p><strong>28 mars 2014<\/strong><br \/>\nFrukostseminarium p\u00e5 K22 i Stockholm<\/p>\n<p><strong>27 mars 2014<\/strong><br \/>\nSeminarium p\u00e5 uppdrag av Ambassad\u00f6rsn\u00e4tverket med kvinnor som ambassad\u00f6rer, Ambassad\u00f6rsn\u00e4tverket.<\/p>\n<p><strong>19 mars 2014<\/strong><br \/>\nSeminarium enligt <em>Heijbelmodellen<\/em>, inklusive filmning f\u00f6r Svensk Energi.<\/p>\n<p><strong>19 mars 2014<\/strong><br \/>\nDeltar med Corporate stories p\u00e5 poesikv\u00e4ll i Gr\u00f6ndals bibliotek.<\/p>\n<p><strong>14 mars 2014<\/strong><br \/>\nStorytellingseminarium om <em>Heijbelmodellen<\/em> och med exempelfilmer hos bist\u00e5ndsorganisationen Diakonia.<\/p>\n<p><strong>13 mars 2014<\/strong><br \/>\nSeminarium f\u00f6r Sj\u00f6fartsverket vid Arlanda<\/p>\n<p><strong>12 mars 2014<\/strong><br \/>\nSeminarium f\u00f6r kommunikat\u00f6rer hos Chalmers Tekniska H\u00f6gskola<\/p>\n<p><strong>10 mars 2014<\/strong><br \/>\nSeminarium om storytelling och <em>Heijbelmodellen<\/em> hos HR-bloggen.<\/p>\n<p><strong>4 mars 2014<\/strong><br \/>\nStorytelling med den kommunala Sj\u00f6stadsskolan i Hammarby Sj\u00f6stad.<\/p>\n<p><strong>18 februari 2014<\/strong><br \/>\nFrukostseminarium p\u00e5 K22, Stockholm<\/p>\n<p><strong>11 februari 2014<\/strong><br \/>\nTillv\u00e4xtverket, Ambassad\u00f6rsn\u00e4tverket. Seminarium med sk\u00f6rd och filmning enligt <em>Heijbelmodellen<\/em>.<\/p>\n<p><strong>5 februari 2014<\/strong><br \/>\nStorytellingseminarium enligt <em>Heijbelmodellen<\/em> hos f\u00f6retagare och bes\u00f6ksn\u00e4ring i Dellenbygden.<\/p>\n<p><strong>31 januari 2014<\/strong><br \/>\nSeminarium om Storytellingseminarium och <em>Heijbelmodellen<\/em> hos Rotary i Trosa<\/p>\n<p><strong>23 januari 2014<\/strong><br \/>\nStorytelling hos Pingstmissionens utvecklingssamarbete (bist\u00e5ndsverksamhet)<\/p>\n<p><strong>21 januari 2014<\/strong><br \/>\nStorytelling hos Avesta kommun<\/p>\n<p><strong>17 januari 2014<\/strong><br \/>\nFrukostseminarium p\u00e5 K22 i Stockholm<\/p>\n<p><strong>7 januari 2014<\/strong><br \/>\nStorytelling Kulturskolorna i Sverige<\/p>\n<p><strong>6 december 2014<\/strong><br \/>\nSeminarium hos Sj\u00f6fartsverket i Norrk\u00f6ping<\/p>\n<p><strong>5 december 2014<\/strong><br \/>\nF\u00f6retagsakademin, Malm\u00f6 Stad. Storyseminarium<\/p>\n<p><strong>4 december 2014<\/strong><br \/>\nStorytellingseminarium med workshop och sk\u00f6rd hos Myndigheten f\u00f6r samh\u00e4llsskydd och berdskap<\/p>\n<p><strong>3 december 2013<\/strong><br \/>\nStorytellingseminarium, workshop och sk\u00f6rdefest hos Spiran i \u00d6rebro.<\/p>\n<p><strong>29 november 2014<\/strong><br \/>\nSeminarium med workshop enligt <em>Heijbelmodellen<\/em> f\u00f6r V\u00e5rd- och omsorgsf\u00f6rvaltningen, Karlstads kommun.<\/p>\n<p><strong>28 november 2013<\/strong><br \/>\nStorytellingseminarium, workshop och sk\u00f6rdefest med Folksam i Stockholm.<\/p>\n<p><strong>20 november 2013<\/strong><br \/>\nStorytellingseminarium med Valdemarsviks sparbank.<\/p>\n<p><strong>18 november 2013<\/strong><br \/>\nStorytellingseminarium, workshop och sk\u00f6rdefest med Svenska Kyrkan i \u00d6rebro.<\/p>\n<p><strong>17 november 2014<\/strong><br \/>\nSeminarium hos Centerns ungdomsf\u00f6rbund om storytelling i politiken. Inklusive sk\u00f6rdefest.<\/p>\n<p><strong>13 november 2013<\/strong><br \/>\nStorytellingseminarium, workshop och sk\u00f6rdefest med L\u00e4kare Utan Gr\u00e4nser.<\/p>\n<p><strong>6 november 2013<\/strong><br \/>\nStorytellingseminarium hos Plyhm i G\u00f6teborg.<\/p>\n<p><strong>24 oktober 2013<\/strong><br \/>\nFrukostseminarium p\u00e5 K22.<\/p>\n<p><strong>21 oktober 2013<\/strong><br \/>\nStorytellingseminarium, workshop och sk\u00f6rdefest p\u00e5 Tillv\u00e4xtverket aprop\u00e5 det 900 personer stora Ambassad\u00f6rsn\u00e4tverket f\u00f6r kvinnor.<\/p>\n<p><strong>11 oktober 2013<\/strong><br \/>\nStorytellingseminarium, workshop och sk\u00f6rdefest med Kulturskolorna i Sverige via organisationen SMoK.<\/p>\n<p><strong>5 oktober 2013<\/strong><br \/>\nStorytellingseminarium p\u00e5 Hannag\u00e5rden i Sorunda. Hannag\u00e5rden \u00e4r en m\u00f6tesplats mellan m\u00e4nniskor. Den drivs av Ylva Eggehorn med familj.<\/p>\n<p><strong>4 oktober 2013<\/strong><br \/>\nM\u00f6te med L\u00e4kare utan gr\u00e4nser<\/p>\n<p><strong>18 september 2013<\/strong><br \/>\nStorytellingseminarium p\u00e5 Personavetardagarna, Nya Ullevi G\u00f6teborg.<\/p>\n<p><strong>11 september 2013<\/strong><br \/>\n\u00d6ppet Storytellingseminarium p\u00e5 K22 i Stockholm.<\/p>\n<p><strong>10 september 2013<\/strong><br \/>\nStorytellingseminarium med kommunikat\u00f6rer och HR-folk i V\u00e4stra G\u00f6talandsregionen.<\/p>\n<p><strong>9 september 2013<\/strong><br \/>\nStorytellingseminarium med workshop och sk\u00f6rdefest hos G\u00e4vleborgs l\u00e4ns museum.<\/p>\n<p><strong>30 augusti 2013<\/strong><br \/>\nSeminarium med workshop, sk\u00f6rdefest och filmning hos\u00a0Aperto Arkitekter\u00a0och Byggkonsulter i kursg\u00e5rd n\u00e5gonstans i StorStockholm<\/p>\n<p><strong>29 augusti 2013<\/strong><br \/>\nStoryseminarium med workshop f\u00f6r\u00a0Offentliga Upphandlare\u00a0utmed Norrlandskusten. Workshopen\/sk\u00f6rdefesten h\u00e5ll vid Pite Havsbad.<\/p>\n<p><strong>27 maj 2013<\/strong><br \/>\nWorkshop och sk\u00f6rdefest med biblioteksfolk i Norrk\u00f6ping<\/p>\n<p><strong>30 maj 2013<\/strong><br \/>\nBiblioteksm\u00e4nniskor i Link\u00f6ping. Inspirationsf\u00f6rel\u00e4sning, workshop och sk\u00f6rdefest.<\/p>\n<p><strong>16 maj 2013<\/strong><br \/>\nInspirationsf\u00f6rel\u00e4sning, workshop, sk\u00f6rdefest och filmning med Tillv\u00e4xtverket i s\u00f6dra Sverige och \u00f6arna. Plats V\u00e4xj\u00f6.<\/p>\n<p><strong>6 maj 2013<\/strong><br \/>\nSvenska ESF-r\u00e5det. Seminarium med workshop och sk\u00f6rdefest under ESF-dagarna. Djur\u00f6n\u00e4set<\/p>\n<p><strong>29 april 2013<\/strong><br \/>\nF\u00f6rsta kurstillf\u00e4llet i min kurs i Corporate Storytelling \/ Storytelling i och om organisationer 3 x 3 tim med kursintyg f\u00f6r den som s\u00e5 vill. Praktisk kurs med egna uppgifter till g\u00e5ng 2 och 3. Kursen h\u00e5lls 8, 16 och 22 april kl 13-16 p\u00e5 Krukmakargatan p\u00e5 S\u00f6dermalm i Stockholm. Mer info p\u00e5 storytellers.se eller via\u00a0<a href=\"mailto:matts@storytellers.se\">matts@storytellers.se<\/a><\/p>\n<p><strong>22 april 2013<\/strong><br \/>\nF\u00f6rsta kurstillf\u00e4llet i min kurs i Corporate Storytelling \/ Storytelling i och om organisationer 3 x 3 tim med kursintyg f\u00f6r den som s\u00e5 vill. Praktisk kurs med egna uppgifter till g\u00e5ng 2 och 3. Kursen h\u00e5lls 8, 16 och 22 april kl 13-16 p\u00e5 Krukmakargatan p\u00e5 S\u00f6dermalm i Stockholm. Mer info p\u00e5 storytellers.se eller via\u00a0<a href=\"mailto:matts@storytellers.se\">matts@storytellers.se<\/a><\/p>\n<p><strong>19 april 2013<\/strong><br \/>\nMarknadsf\u00f6reningen i Nordost Sk\u00e5ne frukostseminarium<\/p>\n<p><strong>19 april 2013<\/strong><br \/>\nSparbanken H\u00e4ssleholm \/ Kristianstad<\/p>\n<p><strong>16 april 2013<\/strong><br \/>\nF\u00f6rsta kurstillf\u00e4llet i min kurs i Corporate Storytelling \/ Storytelling i och om organisationer 3 x 3 tim med kursintyg f\u00f6r den som s\u00e5 vill. Praktisk kurs med egna uppgifter till g\u00e5ng 2 och 3. Kursen h\u00e5lls 8, 16 och 22 april kl 13-16 p\u00e5 Krukmakargatan p\u00e5 S\u00f6dermalm i Stockholm. Mer info p\u00e5 storytellers.se eller via\u00a0<a href=\"mailto:matts@storytellers.se\">matts@storytellers.se<\/a><\/p>\n<p><strong>15 april 2013<\/strong><br \/>\nStorytelling och employer branding med HR-bloggen i Stockholm<\/p>\n<p><strong>11 april 2013<\/strong><br \/>\nInspriration, workshop och sk\u00f6rdefest hos \u00d6rebro Kyrkliga Samf\u00e4llighet ( Svenska Kyrkan )<\/p>\n<p><strong>10 april 2013<\/strong><br \/>\nSeminarium med Guldbladsjuryn<\/p>\n<p><strong>9 april 2013<\/strong><br \/>\nHalvdagsseminarium inklusive sk\u00f6rdefest och filmning med Brasa, elevr\u00e4ttsorganisation<\/p>\n<p><strong>8 april 2013<\/strong><br \/>\nF\u00f6rsta kurstillf\u00e4llet i min kurs i Corporate Storytelling \/ Storytelling i och om organisationer 3 x 3 tim med kursintyg f\u00f6r den som s\u00e5 vill. Praktisk kurs med egna uppgifter till g\u00e5ng 2 och 3. Kursen h\u00e5lls 8, 16 och 22 april kl 13-16 p\u00e5 Krukmakargatan p\u00e5 S\u00f6dermalm i Stockholm. Mer info p\u00e5 storytellers.se eller via\u00a0<a href=\"mailto:matts@storytellers.se\">matts@storytellers.se<\/a><\/p>\n<p><strong>23 mars 2013<\/strong><br \/>\nMedverkar p\u00e5 V\u00e4rldsber\u00e4ttardagen i Stockholm<\/p>\n<p><strong>15 mars 2013<\/strong><br \/>\nHos Nordea Pension i Stockholm. Workshop och sk\u00f6rdefest.<\/p>\n<p><strong>12 mars 2013<\/strong><br \/>\nStorytellingdag i samarbete med Spiran i \u00d6rebro. Inspiration, workshop och sk\u00f6rdefest.<\/p>\n<p><strong>8 mars 2013<\/strong><br \/>\nInspirationsf\u00f6rel\u00e4sning i Link\u00f6ping med bibliotekarier i \u00d6sterg\u00f6tland.<\/p>\n<p><strong>22 februari 2013<\/strong><br \/>\nHos Centerpartiets riksorganisation i Stockholm. Frukostf\u00f6rel\u00e4sning.<\/p>\n<p><strong>12 februari 2013<\/strong><br \/>\nCinnober. Storytelling om f\u00f6retaget som levererar mjukvarul\u00f6sningar till och b\u00f6rser och \u00f6vrig finansiell sektor \u00f6ver hela v\u00e4rlden. Inspirationsf\u00f6rel\u00e4sning, workshop och sk\u00f6rdefest med filmning.<\/p>\n<p>7 februari 2013<br \/>\nIdeell Arena i Stockholm. Storytelling workshop med sk\u00f6rdefest med ideella organisationer.<\/p>\n<p>5 februari 2013<br \/>\n\u00d6ppet seminarium i mina lokaler p\u00e5 S\u00f6dermalm i Stockholm<\/p>\n<p>31 januari 2013<br \/>\nKurs med kulturarbetare och kreat\u00f6rer i Hudiksvall p\u00e5 uppdrag av Region G\u00e4vleborg<\/p>\n<p>23-24 januari 2013<br \/>\nEU-uppdrag i Warszawa aprop\u00e5 Save the Baltic-arbetet.<\/p>\n<p>17 januari 2013<br \/>\nEmployer Branding och HR i Stockholm<\/p>\n<p>16 januari 2013<br \/>\nKurs med kulturarbetare och kreat\u00f6rer i Hudiksvall p\u00e5 uppdrag av Region G\u00e4vleborg<\/p>\n<p>15 januari 2013<br \/>\nInspirationsseminarium hos\u00a0Nordea, huvudkontoret i i Stockholm<\/p>\n<p>4 januari 2013<br \/>\nHos\u00a0SSU\u00a0p\u00e5 Bommersvik. De personliga ber\u00e4ttelsernas betydelse f\u00f6r organisationens ber\u00e4ttelse.<\/p>\n<p>20 december 2012<br \/>\nKurs och id\u00e9diskussion hos\u00a0Aktivering.se<\/p>\n<p>19 december 2013<br \/>\nKurs med kulturarbetare och kreat\u00f6rer i Hudiksvall p\u00e5 uppdrag av Region G\u00e4vleborg<\/p>\n<p>12 december 2012<br \/>\nInspirationsf\u00f6rel\u00e4sning hos IT\/finansf\u00f6retaget\u00a0Cinnober\u00a0i Stockholm<\/p>\n<p>11 december 2012<br \/>\nHalvdagsseminarium med\u00a0Tillv\u00e4xtverket\u00a0f\u00f6rlagt i Sundsvall<\/p>\n<p>10 december 2012<br \/>\nTr\u00e4ffar fredsforskare vid\u00a0G\u00f6teborgs universitet\u00a0f\u00f6r att s\u00f6ka ber\u00e4ttelser som begripligg\u00f6r forskningen, i det h\u00e4r fallet kring motst\u00e5nd.<\/p>\n<p>7 december 2012<br \/>\nI V\u00e4xj\u00f6 hos organisationen\u00a0Linn\u00e9universitetet\u00a0f\u00f6r att samla s\u00f6ka, sk\u00f6rda och samla ber\u00e4ttelser att ladda in i organisationen. \u00c4ven en sidof\u00f6rel\u00e4sning om \u00e4mnet f\u00f6r kommunikationsstudenter vid Linn\u00e9unversitetet<\/p>\n<p>5 december 2012<br \/>\nFrukostf\u00f6rel\u00e4sning i G\u00e4vle kring kultursektorn och behovet av Storytelling.<\/p>\n<p>4 december 2012<br \/>\nHalvdagsseminarium med\u00a0Tillv\u00e4xtverket\u00a0f\u00f6rlagd till Pite havsbad<\/p>\n<p>29 november 2012<br \/>\nLarviks kommun\u00a0i Norge. Storytelling workshop kring v\u00e5rd och omsorg<\/p>\n<p>26 november 2012<br \/>\nDeltar i\u00a0Kunskapsdagarna\u00a0p\u00e5 Hotel Ekoxen i Link\u00f6ping<\/p>\n<p>22 november 2012<br \/>\nEricsson\u00a0chefsgrupp kring storytlling<\/p>\n<p>21 november 2012<br \/>\nHudiksvall f\u00f6retag och organisationer \u00f6ppen f\u00f6rel\u00e4sning Storytelling i samr\u00e5d med Region G\u00e4vleborg.<\/p>\n<p>16 november 2012<br \/>\nSundbybergs Stad\u00a0f\u00f6rvaltningschefstr\u00e4ff kring storytelling<\/p>\n<p>15 november 2012<br \/>\n\u00d6ppet kostnadsfritt seminarium i mina lokaler p\u00e5 K22,<br \/>\nKrukmakargatan 22 p\u00e5 S\u00f6der i Stockholm<\/p>\n<p>13 november 2012<br \/>\nMalm\u00f6 Stad\u00a0genusprojekt<\/p>\n<p>6 november 2012<br \/>\nSkatteverket\u00a0M\u00e4lardalsregionen<\/p>\n<p>30-31 oktober 2012<br \/>\nEU-projket\u00a0Interakt\u00a0i Tallinn<\/p>\n<p>25 oktober 2012<br \/>\nMalm\u00f6 f\u00f6retagarseminarium i samarbete med\u00a0<em>Lethin Consulting<\/em><\/p>\n<p>24 oktober 2012<br \/>\nMorgonseminarium med\u00a0Cinnober<br \/>\n23 oktober 2012<br \/>\nG\u00f6teborgs Universitet\u00a0kommunikat\u00f6rer och ledning<br \/>\n20 oktober 2012<br \/>\nHyresg\u00e4stf\u00f6reningen\u00a0Region Norr i Pite\u00e5<br \/>\n19 oktober 2012<br \/>\nF\u00f6rel\u00e4sning och seminarium halv dag p\u00e5\u00a0<em>S\u00f6dert\u00f6rns H\u00f6gskola<\/em><br \/>\n17 oktober 2012<br \/>\nJobb med mening och Corporate Storytelling i samarbete med\u00a0<em>Spiran Kompetensutveckling<\/em>\u00a0i \u00d6rebro.<br \/>\n14 oktober 2012<br \/>\nInspirationsf\u00f6rel\u00e4sning, workshop, sk\u00f6rdefest och filmning med\u00a0Hyresg\u00e4stf\u00f6reningen\u00a0i Stockholm.<br \/>\n11 oktober 2012<br \/>\nTr\u00e4ff med\u00a0Upplands Bro\u00a0kommun<br \/>\n4 oktober 2012<br \/>\n<em>Transportstyrelsen<\/em>\u00a0i Arjeplog<br \/>\n21 september 2012<br \/>\nSeminarium och sk\u00f6rdefest i G\u00f6teborg med den f\u00f6rvaltande myndigheten f\u00f6r<br \/>\nEuropeiskt territoriellt samarbete\u00a0<em>Interreg Sverige-Norge<\/em><br \/>\n11 september 2012<br \/>\nSeminarium Norrk\u00f6ping med\u00a0<em>Erikshj\u00e4lpens<\/em>\u00a0alla butikschefer<br \/>\n5 september 2012<br \/>\nJobb med mening och Corporate Storytelling i samarbete med\u00a0<em>Spiran Kompetensutveckling<\/em>\u00a0i \u00d6rebro. Se\u00a0<a href=\"http:\/\/www.spiran.se\/kurs\/138_jobb_med_mening.html\">h\u00e4r<\/a>.<br \/>\n4 september 2012<br \/>\n\u00d6ppet seminarium i Stockholm<br \/>\n4 september 2012<br \/>\nPfizer\u00a0i Stockholm<br \/>\n29 augusti 2012<br \/>\nHeldag i Stockholm med\u00a0Tullverket. Deltaragre fr\u00e5n hela landet.<br \/>\n27-28 augusti 2012<br \/>\nSeminarie- och workshopdagar med personal fr\u00e5n\u00a0Svenska Kyrkan\u00a0\/ Botkyrka f\u00f6rsamling i Sarajevo<br \/>\n15 augusti 2012<br \/>\nInspirationsf\u00f6rel\u00e4sning, workshop och sk\u00f6rdefest med alla l\u00e4rare p\u00e5\u00a0Myrsj\u00f6skolan\u00a0i Nacka<br \/>\n25-26 juni 2012<br \/>\nMed\u00a0Hyresg\u00e4stf\u00f6reningen\u00a0i Brunnsvik<br \/>\n19 juni 2012<br \/>\n\u00d6ppen f\u00f6rel\u00e4sning tillsammans med\u00a0<em>Plyhm<\/em>\u00a0i G\u00f6teborg<br \/>\n15 juni 2012<br \/>\nSvenska Kyrkan Botkyrka F\u00f6rsamling<br \/>\n14 juni 2012<br \/>\nNordea<br \/>\n12-13 juni 2012<br \/>\nEU-projket i Lissabon. Ber\u00e4ttelser om gr\u00e4ns\u00f6verskridanden. 20 nationaliteter.<br \/>\n1 juni 2012<br \/>\nSeminarium med chefer i Sundbybergs kommun<br \/>\n24 maj 2012<br \/>\nSeminarium, workshop och sk\u00f6rdefest med kvinnliga chefer i staten i samarbete med Karri\u00e4rkompetens.<br \/>\n23 maj 2012<br \/>\nSeminarium och sk\u00f6rdefest f\u00f6ljd av filmning enligt storytellingkonceptet med Sabo. I Uppsala.<br \/>\n15 maj 2012<br \/>\n\u00d6ppet seminarium hos Stendahls Kommunikationsbyr\u00e5 i G\u00f6teborg<br \/>\n15 maj 2012<br \/>\nLunchseminarium med Plyhm i G\u00f6teborg<br \/>\n10 maj 2012<br \/>\nHeldag med Sunbybergs kommmun. Seminarium, workshop och sk\u00f6rdefest f\u00f6ljd av filmning enligt storytellingkonceptet av utvalda ber\u00e4ttelser.<br \/>\n9 maj 2012<br \/>\nSeminarium och workshop med alla chefer i J\u00e4mtlands<br \/>\nl\u00e4ns landsting i \u00d6stersund.<br \/>\n8 maj 2012<br \/>\n\u00d6ppet seminarium i Stockholm<br \/>\n4 maj 2012<br \/>\n\u00f6ppet morgonseminarium i Malm\u00f6 tillsammans med ID Kommunikation.<br \/>\n3 maj 2012<br \/>\nHR-funktionen i Sundbybergs Stad<br \/>\n27 april 2012<br \/>\nLedardagar med J\u00f6nk\u00f6ping och Halland i Varberg<br \/>\n24 april 2012<br \/>\nEtt antal Europaprojekt med Tillv\u00e4xtverket tr\u00e4ffas f\u00f6r seminarium, sk\u00f6rdefest och filmning med filmaren\u00a0<em>Bj\u00f6rn Mathlein<\/em>\u00a0i Stockholm<br \/>\n23 april 2012<br \/>\nTr\u00e4ffar V\u00e5rdf\u00f6rbundets i Stockholm aprop\u00e5 biomedicinska experter<br \/>\n18 april 2012<br \/>\nMed Sweco Arkitekter i Karlstad<br \/>\n17 april 2012<br \/>\nTr\u00e4ffar Volvo Group i G\u00f6teborg<br \/>\n28 mars 2012<br \/>\nSeminarium, workshop och sk\u00f6rdefest med MSD i Stockholm<br \/>\n26 mars 2012<br \/>\nHos Hyresg\u00e4stf\u00f6reningen \u00c4lvsborg \/ Skaraborg. H\u00e5ller seminarium och sk\u00f6refes i V\u00e4nersborg.<br \/>\n20 mars 2012<br \/>\nDeltar i Stockholm i V\u00e4rldsber\u00e4ttardagen.<br \/>\n16 mars 2012<br \/>\nEget \u00f6ppet seminarium i egna konferenslokalen i Stockholm<br \/>\n15 mars 2012<br \/>\nSeminarium, workshop och sk\u00f6rdefest med chefer i Upplands V\u00e4sby<br \/>\nkommun.<br \/>\n15 mars 2012<br \/>\nFrukostseminarium i Vallentuna arrangerat av Vallentuna kommun och den lokala Handelskammaren.<br \/>\n12 mars 2012<br \/>\nSeminarium och workshop med Hyresg\u00e4stf\u00f6reningen<br \/>\nStockholm. \u00c4ven inspelning av storyfilmer.<br \/>\n27 februari 2012<br \/>\nF\u00f6rel\u00e4sning hos Rotary i Bromma<br \/>\n24 februari 2012<br \/>\nStorytelling i organisationsf\u00f6r\u00e4ndring i del av New Volvo Group i G\u00f6teborg<br \/>\n23-24 februari 2012<br \/>\nSeminarium och workshop med Hyresg\u00e4stf\u00f6reningen<br \/>\nV\u00e4stra i G\u00f6teborg. \u00c4ven inspelning av storyfilmer.<br \/>\n16 februari 2012<br \/>\nSeminarium och workshop med internationella<br \/>\nElectroluxorganisationen samlad i Stockholm.<br \/>\n14 februari 2012<br \/>\n\u00d6ppet seminarium p\u00e5 Rosenlundsgatan 44 A<br \/>\ni Stockholm. Nyhetsbrevsl\u00e4sare inbjudna.<br \/>\n10 februari 2012<br \/>\nF\u00f6rel\u00e4sning under Kunskapsdagarna i Norrk\u00f6ping<br \/>\n3 februari 2012<br \/>\nSeminarum i Alvik med s\u00e4ljare inom Scandic Hotels.<br \/>\n26 januari 2012<br \/>\nChefseminarium och workshop nr 3 med ytterligare cirka 150 chefer<br \/>\nfr\u00e5n Kalmar l\u00e4ns landsting i Borgholm p\u00e5 \u00d6land<br \/>\n25 januari 2012<br \/>\nSeminarium och workshop med Hyresg\u00e4stf\u00f6reningen<br \/>\nNorra Sk\u00e5ne i Helsingborg. \u00c4ven inspelning av storyfilmer.<br \/>\n24 januari 2012<br \/>\nSeminarium med Vinnovas experter p\u00e5<br \/>\nDjur\u00f6n\u00e4set.<br \/>\n23 januari 2012<br \/>\nSeminarium och workshop med chefer fr\u00e5n olika<br \/>\nregioner i Sweco Architects. Stockholm<br \/>\n19 januari 2012<br \/>\nChefseminarium och workshop nr 2 med yterligare cirka 150 chefer<br \/>\nfr\u00e5n Kalmar l\u00e4ns landsting i Borgholm p\u00e5 \u00d6land<br \/>\n12 januari 2012<br \/>\nChefseminarium och workshop nr 1 med cirka 150 chefer<br \/>\nfr\u00e5n Kalmar l\u00e4ns landsting i Borgholm p\u00e5 \u00d6land<br \/>\n10 januari 2012<br \/>\nFrukostseminarium hos Creo i Stockholm<br \/>\n4 januari 2012<br \/>\nStorytellingseminarium och workshop med<br \/>\naktiva SSU-ungdomar p\u00e5 Bommersvik<br \/>\n21 december 2011<br \/>\nFilminspelning kring V\u00e5ga G\u00f6raprojektet<br \/>\nmed Nackas kommunala skolor.<br \/>\n12 december 2011<br \/>\nSeminarium, workshop och sk\u00f6rdefest<br \/>\nmed \u00d6ppen Sk\u00e4rg\u00e5rd \/ Visit Skargarden<br \/>\n1 december 2011<br \/>\nStorytellingseminarium hos Skatteverkets<br \/>\ncentrala kommunikationsledning.<br \/>\n1 december 2011<br \/>\nStorytellingseminarium, workshop och<br \/>\nsk\u00f6rdefest hos KPMG.<br \/>\n1 december 2011<br \/>\nStorytellingseminarium i samband med<br \/>\nkonferensen A Great Place to work. Stockholm<br \/>\n1 december 2011<br \/>\nStorytellingseminarium hos Skatteverkets<br \/>\ncentrala kommunikationsledning.<br \/>\n29 november 2011<br \/>\nStorytellingseminarium med workshop<br \/>\nhos Scandinavian Leadership och Lots<br \/>\ni Uppsala. \u00c4ven sk\u00f6rdefest.<br \/>\n24 november 2011<br \/>\nStorytellingseminarium och workshop och<br \/>\nsk\u00f6rdefest med rektorer och skolledare i Nackas<br \/>\nkommunala skolor<br \/>\n17 november 2011<br \/>\n\u00d6ppet seminarium p\u00e5 Kvalitetsm\u00e4ssan<br \/>\nhos Svenska M\u00e4ssan i G\u00f6teborg.<br \/>\n16 november 2011<br \/>\nStorytellingseminarium f\u00f6r Kompetensm\u00e4ssan<br \/>\ni Stockholm. World Trade Center.<br \/>\n14 november 2011<br \/>\nStorystellingseminarium med Hyresg\u00e4stf\u00f6reningen<br \/>\ni S\u00f6dra Sk\u00e5ne. Malm\u00f6. Sk\u00f6rd inklusive filmning<br \/>\n10 november 2011<br \/>\nStorytellingseminarium hos Rewir inf\u00f6r<br \/>\nderas kunder. Kv\u00e4llsaktivitet.<br \/>\n8 november 2011<br \/>\nSeminarium med sk\u00f6rdefest hos Sabo<br \/>\n8 november 2011<br \/>\nSeminarium och sk\u00f6rdefest med filmning med<br \/>\nledningsgruppen p\u00e5 Arbetsmilj\u00f6verket<br \/>\n8 november 2011<br \/>\nSeminarium med sk\u00f6rdefest hos Sabo<br \/>\n2 november 2011<br \/>\nHos Rotary p\u00e5 Eker\u00f6<br \/>\n28 oktober 2011<br \/>\nSeminarium och workshop hos Malm\u00f6 Stadsbibliotek. Hela personalen.<br \/>\n13 oktober 2011<br \/>\nWorkshop med Arbetsmilj\u00f6verket<br \/>\n12 oktober 2011<br \/>\nTr\u00e4ffar prim\u00e4rv\u00e5rdschefer i Sk\u00e5ne<br \/>\n6 oktober 2011<br \/>\nMed Statens Medier\u00e5d i \u00d6sterbybruk<br \/>\n21 september 2011<br \/>\nSeminarium och workshop med Entrepren\u00f6rsforum i Sm\u00e5land<br \/>\n16-17 september 2011<br \/>\nMed SBC i Sundsvall<br \/>\n15 september 2011<br \/>\nJournaistiska metoder hos Kommunal<br \/>\n9 september 2011<br \/>\nHos ledningsgruppen f\u00f6r SBC<br \/>\n1 september 2011<br \/>\nHos Skandic Hotels tillsammans med Rewir<br \/>\n1 september 2011<br \/>\nHos V\u00e4stsvenska Handelskammaren i Sk\u00f6vde<br \/>\n30 augusti 2011<br \/>\nM\u00f6te med kommunikat\u00f6rer hos Arbetsmilj\u00f6verket, Stockholm<br \/>\n26 juni 2011<br \/>\nF\u00f6rel\u00e4sning hos reklambyr\u00e5n Strateg i \u00d6rebro<br \/>\n25 juni 2011<br \/>\nV\u00e4stra G\u00f6talandsregionen i G\u00f6teborg. F\u00f6rel\u00e4sning och workshop.<br \/>\n17 juni 2011<br \/>\nF\u00f6rel\u00e4sning och workshop hos F\u00f6rsvarsmakten i Str\u00e4ngn\u00e4s.<br \/>\n15 juni 2011<br \/>\nSeminarium och mindre workshop hos Sveriges Radios internkommunikat\u00f6rer.<br \/>\n14 juni 2011<br \/>\nF\u00f6rel\u00e4sning och workshop hos Volvo Powertrain i Sk\u00f6vde. Kommunikat\u00f6rer fr\u00e5 den internationella organisationen.<br \/>\n9 juni 2011<br \/>\nF\u00f6rel\u00e4sning och workshop hos R\u00f6da Korset i Stockholm<br \/>\n8 juni 2011<br \/>\nF\u00f6rel\u00e4sning hos N\u00e4ringsdepartementet<br \/>\n31 maj 2011<br \/>\nMedieinstitutet<br \/>\n30 maj 2011<br \/>\nSOS Barnbyar<br \/>\n27 maj 2011<br \/>\nArbetsgivarvarum\u00e4rkesdag med Katrineholms Kommun<br \/>\n11-13 maj 2011<br \/>\nEstland Marketing Conference<br \/>\n9-10 maj 2011<br \/>\nAntenn i Profficekoncernen. Storysk\u00f6rd.<br \/>\n8 maj 2011<br \/>\nMed HiQ till \u00c5land. Storysk\u00f6rd ombord.<br \/>\n5 maj 2011<br \/>\nF\u00f6rsvarsmakten, Sk\u00f6vde<br \/>\n4 maj 2011<br \/>\nFrivilligorganisationernas insamlingsr\u00e5d,<br \/>\nInsamlingsforum<br \/>\n3-4 maj 2011<br \/>\nSynskadades Riksf\u00f6rbund<br \/>\n29 april 2011<br \/>\nStureplansgruppens City Conference Center<br \/>\n27 april 2011<br \/>\nLedarutbildning hos Alecta<br \/>\n13 april 2011<br \/>\nUtbildning i Storytelling f\u00f6r Alecta i samarbete med Berghs<br \/>\n31 mars 2011<br \/>\nUtbildning f\u00f6r Alecta i samarbete med Berghs<br \/>\n30 mars 2011<br \/>\nInspirationsf\u00f6rel\u00e4sning f\u00f6r LRF Riks och eldsj\u00e4lar inom Barn- och Ungdomskommunikation<br \/>\n23-24 mars 2011<br \/>\n2 dagar med Timr\u00e5<br \/>\n22 mars 2011<br \/>\nSeminarium f\u00f6r kommunala medarbetare i Sk\u00e4rholmen<br \/>\n21 mars 2011<br \/>\nSeminarium f\u00f6r kommunala medarbetare i Sk\u00e4rholmen<br \/>\n19 mars 2011<br \/>\nWorkshop med distriktsordf\u00f6randen fr\u00e5n hela Sverige aprop\u00e5 Scoutr\u00f6relsens omfattande organisationsf\u00f6r\u00e4ndringar<br \/>\n18 mars 2011<br \/>\nTr\u00e4ffar Nordea Private Banking, Sundsvall.<br \/>\n17 mars 2011<br \/>\nUtbildning i Storytelling f\u00f6r Alecta i samarbete med Berghs<br \/>\n10 mars 2011<br \/>\nEmployer branding f\u00f6r HR med HR-bloggen<br \/>\n7 mars 2011<br \/>\nStoryjakt med ledningen i Nordea Private Banking<br \/>\n1 mars 2011<br \/>\nHos Nordea Private Banking i V\u00e4xj\u00f6.<br \/>\n25 februari 2011<br \/>\nHalvdagsseminarium i Marstrand med Sigma<br \/>\n24 februari 2011<br \/>\nHalvdagsseminarium med cheferna i V\u00e4ster\u00e5s Stad, cirka 250 i Rocklundahallen<br \/>\n23 februari 2011<br \/>\nHos Nordea Private Banking i G\u00f6teborg.<br \/>\n23 februari 2011<br \/>\nInspelning av digital storytelling med Kultur i V\u00e4st<br \/>\n22 februari 2011<br \/>\nHeldagsseminarium i G\u00f6teborg med Kultur i V\u00e4st<br \/>\n21 februari 2011<br \/>\nHos Nordea Private Banking i Karlstad.<br \/>\n17 februari 2011<br \/>\nUtbildning i Storytelling f\u00f6r Alecta i samarbete med Berghs<br \/>\n14 februari 2011<br \/>\nHos Nordea Private Banking i Helsingborg.<br \/>\n11 februari 2011<br \/>\nHos Dux p\u00e5 Duxianabutiken, Strandv\u00e4gen i Stockholm, n\u00e4rmare 100 g\u00e4ster<br \/>\nfr\u00e5n Connoisseurs n\u00e4tverk<br \/>\n10 februari 2011<br \/>\nHos Rewir Experience<br \/>\n10 februari 2011<br \/>\nHos Nordea Private Banking i Uppsala.<br \/>\n8-9 februari 2011<br \/>\nMed Bod\u00e9n &amp; Co hos Systembolagets chefer<br \/>\n3 februari 2011<br \/>\nHos Nordea Private Banking i J\u00f6nk\u00f6ping.<br \/>\n2 februari 2011<br \/>\nFrukostf\u00f6rel\u00e4sning hos Str\u00f6mma.<br \/>\n1 februari 2011<br \/>\nHos Nordea Private Banking i Skellefte\u00e5.<br \/>\n31 januari 2011<br \/>\nHalvag med en helklass designstudenter p\u00e5 Berghs.<br \/>\n27+28 januari 2011<br \/>\nHos kulturber\u00e4ttare och f\u00f6retagare p\u00e5 \u00d6sterlen. Bland annat p\u00e5 \u00d6sterlens Mus\u00e9um.<br \/>\n27 januari 2011<br \/>\nNordea Private Banking i Malm\u00f6.<br \/>\n21 januari 2011<br \/>\nInspelning av filmad f\u00f6rel\u00e4sning \u00e5t Saab i Link\u00f6ping.<br \/>\n19 januari 2011<br \/>\nTr\u00e4ffar en grupp GD:ar och landsh\u00f6vingar f\u00f6r att tala om ber\u00e4ttelsens kraft n\u00e4r det g\u00e4ller att befolka myndigheters varum\u00e4rken.<br \/>\n18 januari 2011<br \/>\nDeltar som f\u00f6rel\u00e4sare i utbildning i Berghs regi f\u00f6r frivilligorganisationer<br \/>\n15 januari 2011<br \/>\nTr\u00e4ffar projektledare fr\u00e5n SSUs f\u00f6rortsarbete i Malm\u00f6, G\u00f6teborg och Stockholm<br \/>\n13 januari 2011<br \/>\nHos Nordea Private Banking i G\u00f6eborg<br \/>\n16 december 2010<br \/>\nSeminarium p\u00e5 R\u00f6da Korset<br \/>\n15 december 2010<br \/>\nHos Nordea Private Banking i Stockholm. Storytellingens dramaturgi.<br \/>\n10 december 2010<br \/>\nSeminarium hos S\u00f6dert\u00e4lje aprop\u00e5 satsningen Sveriges Internationella Huvudstad<br \/>\n8 december 2010<br \/>\nHos Nordea Private Banking \u00d6sterg\u00f6tland \/ N\u00e4rke \/ V\u00e4stmanland \/ Dalarna i \u00d6rebro<br \/>\n7 december 2010<br \/>\nStoryfilmning med Saab<br \/>\n7 december 2010<br \/>\nMed Jordbruksverket i Uppsala f\u00f6r att tr\u00e4ffa l\u00e4nsstyrelser och lantbrukare aprop\u00e5 jordbruksst\u00f6d<br \/>\n2 december 2010<br \/>\nOrdens Magi med Kaiors Future<br \/>\n1 december 2010<br \/>\nSeminarium hos S\u00f6dert\u00e4lje aprop\u00e5 satsningen Sveriges Internationella Huvudstad<br \/>\n27 november 2010<br \/>\nHeldagsseminarium f\u00f6r f\u00f6retagare med Ber\u00e4ttarn\u00e4tverket Nord i Ume\u00e5<br \/>\n24 november 2010<br \/>\nSeminarier med Landsbygdsn\u00e4tverket i Stockholm<br \/>\n18 november 2010<br \/>\nF\u00f6rel\u00e4ser med pappersf\u00f6retaget Antalis i Stockholm<br \/>\n16 november 2010<br \/>\nStorytelling med konstn\u00e4ren Maria Backman hos Ovako i Smedjebacken<br \/>\n11 november 2010<br \/>\nF\u00f6rel\u00e4ser med pappersf\u00f6retaget Antalis i G\u00f6teborg<br \/>\n10 november 2010<br \/>\nF\u00f6rel\u00e4ser med pappersf\u00f6retaget Antalis i Malm\u00f6<br \/>\n9 november 2010<br \/>\nChefsutvecklingsseminarium med 180 chefer i Nyk\u00f6pings kommun<br \/>\n8 november 2010<br \/>\nHos Rotary i Nacka<br \/>\n5 november 2010<br \/>\nKonsultation med kommunikat\u00f6rer i S\u00f6dert\u00e4lje<br \/>\n4 november 2010<br \/>\nSeminarium med Skanova om deras t\u00e4nkbara stories<br \/>\n3 november 2010<br \/>\nSeminarium i Norrk\u00f6ping f\u00f6r SKLs sektion f\u00f6r patients\u00e4kerhet.<br \/>\n28 oktober 2010<br \/>\nKonsulterande m\u00f6te med Saab Technologies<br \/>\n28 oktober 2010<br \/>\nF\u00f6rel\u00e4sning p\u00e5\u00a0<em>Briggen Tre Kronor<\/em>\u00a0f\u00f6r n\u00e4tverk plus \u00f6vriga intressenter<br \/>\n27 oktober 2010<br \/>\nChefsutvecklingsseminarium med V\u00e4ster\u00e5s Stad<br \/>\n21 oktober 2010<br \/>\nFrukostf\u00f6rel\u00e4sning hos PR-F\u00f6retagen i MyNewsdesks lokaler<br \/>\n19 oktober 2010<br \/>\nSeminarium med kommunikat\u00f6rerna p\u00e5 Jordbruksverket i J\u00f6nk\u00f6ping<br \/>\n15 oktober 2010<br \/>\nFrukostseminarium med kommunikat\u00f6rerna p\u00e5 Electrolux huvudkontor i Stockholm<br \/>\n15 oktober 2010<br \/>\nKort presentation hos Arndts n\u00e4tverk i Stockholm<br \/>\n14 oktober 2010<br \/>\nDeltog och fick pris p\u00e5 Tendensdagen i Stockholm. Hedersomn\u00e4mnande i t\u00e4vlingen \u00c5rets Marknadsf\u00f6ringsbok 2010<br \/>\n5 oktober 2010<br \/>\nM\u00f6te med Preera i Stockholm<br \/>\n30 september 2010<br \/>\nSeminarium med kommunikat\u00f6rer hos Skanova<br \/>\n24 september 2010<br \/>\nH\u00e5ller seminarium p\u00e5 Bokm\u00e4ssan i G\u00f6teborg<br \/>\n24september 2010<br \/>\nM\u00f6te med Sigma Solutions<br \/>\n16 september 2010<br \/>\nSeminarium med kommunikat\u00f6rer hos Skanova<br \/>\n9 september 2010<br \/>\nSeminarium med PR-konsulterna p\u00e5 Spotlight PR<br \/>\n3 september 2010<br \/>\nF\u00f6rel\u00e4sning hos S\u00f6derberg &amp; Partner p\u00e5 deras personalkonferens<br \/>\n2 september 2010<br \/>\nHalvdagsseminarium med medarbetarna p\u00e5 Humanova F\u00f6retagsutveckling<br \/>\n31 augusti 2010<br \/>\nM\u00f6te 7 seminarium med Sj\u00f6v\u00e4genprojektet i Stockholm<br \/>\n27 augusti 2010<br \/>\nSeminarium med Nordea Private Banking<br \/>\n26 augusti 2010<br \/>\nSj\u00f6v\u00e4genprojektet i Stockholm<br \/>\n12 augusti 2010<br \/>\nHela Sj\u00f6stadsskolan fr\u00e5n Hammarby Sj\u00f6stad p\u00e5 storytellingkonferens<br \/>\n5 augusti 2010<br \/>\nStorytellingjakt hos designern Mika Modigg\u00e5rd i Berlin<br \/>\n4 augusti 2010<br \/>\n\u00d6ppet frukostseminarium p\u00e5 Hornsgatan vid Mariatorget<br \/>\n21 juni 2010<br \/>\nKommunikat\u00f6rer Uppsala Stad Steg 2. Seminarium i samarbete med Berghs<br \/>\n17 juni 2010<br \/>\nStudief\u00f6rbundet Vuxenskolan<br \/>\n9 juni 2010<br \/>\nSeminarium med kommunikat\u00f6rer vid Systembolaget<br \/>\n8 juni 2010<br \/>\nKommunikat\u00f6rer Uppsala Stad. Seminarium och workshop i samarbete med Berghs<br \/>\n3 juni 2010<br \/>\nLocum. Workshop och seminarium.<br \/>\n2 juni 2010<br \/>\n\u00d6ppet frukostseminarium p\u00e5 Hornsgatan vid Mariatorget<br \/>\n31 maj 2010<br \/>\nVattenfalls kommunikat\u00f6rer. seminarium och workshop<br \/>\n28 maj 2010<br \/>\nSeminarium och workshop f\u00f6r Iris Hadar, del av f d Synskadades Riksf\u00f6rbund.<br \/>\n25 maj 2010<br \/>\nInspelning inspirationsfilm f\u00f6r scouterna<br \/>\n21 maj 2010<br \/>\nS\u00e4fsen<br \/>\n20 maj 2010<br \/>\nUppdrag med workshop f\u00f6r aff\u00e4rsbank<br \/>\n19 maj 2010<br \/>\nLRF Las\u00e4tter. Turismf\u00f6retagare.<br \/>\n11 maj 2010<br \/>\nLRF \u00d6rebero<br \/>\n7 maj 2010<br \/>\nHos Vi Unga i G\u00f6teborg. Workshop<br \/>\n4 maj 2010<br \/>\n2 timmars Inspirationsseminarium i H52s lokaler vid Mariatorget i Stockholm<br \/>\n29 april 2010<br \/>\nKultur och N\u00e4ringsliv i Stockholm<br \/>\n28 april 2010<br \/>\n\u00d6ppet seminarium i Malm\u00f6<br \/>\n27 april 2010<br \/>\nMed p\u00e5 Misas personaldag. Inspiration + mindre workshop och middagsevent<br \/>\n26 april 2010<br \/>\nLandsbygdsturism\/S\u00f6dermanland i LRFs regi<br \/>\n22 april 2010<br \/>\nLandsbygdsturism\/\u00d6sterg\u00f6tland i LRFs regi<br \/>\n20 april 2010<br \/>\nScouterna<br \/>\n14 april 2010<br \/>\n\u00d6ppet seminarium i Malm\u00f6<br \/>\n8 &#8211; 9 april 2010<br \/>\nHos Banverket ICT i Borl\u00e4nge<br \/>\n8 april 2010<br \/>\n2 timmars Inspirationsseminarium i H52s lokaler vid Mariatorget i Stockholm<br \/>\n31 mars 2010<br \/>\nHos Forum Syd. Workshop<br \/>\n27 mars 2010<br \/>\nHos Youth for Understanding<br \/>\n25 mars 2010<br \/>\nLandsbygdsn\u00e4tverket<br \/>\n10 mars 2010<br \/>\n2 timmars Inspirationsseminarium i H52s lokaler vid Mariatorget i Stockholm<br \/>\n3 mars 2010<br \/>\nHos Olofstr\u00f6ms kommun<br \/>\n24 februari 2010<br \/>\n2 timmars Inspirationsseminarium i H52s lokaler vid Mariatorget i Stockholm<br \/>\n15 februari 2010<br \/>\nHos Centerpartiet.<br \/>\n11 februari 2010<br \/>\n2 timmars Inspirationsseminarium i H52s lokaler vid Mariatorget i Stockholm<br \/>\n2 februari 2010<br \/>\nF\u00f6rtroendevalda i Regeringskansliet hos Jusek<br \/>\n26 januari 2010<br \/>\nF\u00f6rsvarsmakten i Link\u00f6ping<br \/>\n25 januari 2010<br \/>\nJag bes\u00f6ker Damernas F\u00f6retagsbyr\u00e5 i Upplands Bro<br \/>\n15 januari 2010<br \/>\n2 timmars Inspirationsseminarium i H52s lokaler vid Mariatorget i Stockholm<br \/>\n13 januari 2010<br \/>\nFryshusets fotbollsallians, seminarium<br \/>\n15 december 2009<br \/>\n2 timmars Inspirationsseminarium i H52s lokaler vid Mariatorget i Stockholm<br \/>\n10 december 2009<br \/>\nStorytelling och coachning av tredje\u00e5rsstudenterna vid KTHs Samh\u00e4llsbyggnadslinje<br \/>\n9 december 2009<br \/>\nInspirationsf\u00f6rel\u00e4sning och seminarium med f\u00f6rskolechefer i Stockholm<br \/>\n8 december 2009<br \/>\nInspirationsseminarium hos Saco med medlemsf\u00f6rbund i Stockholm<br \/>\n3 december 2009<br \/>\nInspirationsf\u00f6rel\u00e4snng i\u00a0<em>Juseks<\/em>\u00a0regi p\u00e5\u00a0Regeringskansliet<br \/>\n1 december 2009<br \/>\nSeminarium och workshop i Bolln\u00e4s hos\u00a0<em>F\u00f6retagarkvinnor v\u00e4xer internationellt<\/em>\u00a0f\u00f6r att f\u00e5 f\u00f6retagarkvinnor i G\u00e4vleborg att v\u00e5ga t\u00e4nka internationellt.<br \/>\n30 november 2009<br \/>\nExperimenterar p\u00e5 kv\u00e4llen tillsammans med\u00a0<em>Teater X<\/em>\u00a0p\u00e5 Hotell Hellsten i Stockholm kring ber\u00e4ttelser med\u00a0<em>Systemiska n\u00e4tverket<\/em>.<br \/>\n26 november 2009<br \/>\nSeminarium med workshop hos W\u00e4rtsil\u00e4 i Vasa i Finland<br \/>\n25 november 2009<br \/>\nFrukostf\u00f6rel\u00e4sning f\u00f6r bl a Volvo hos\u00a0<em>Tidningskompaniet i G\u00f6teborg<\/em><br \/>\n24 november 2009<br \/>\n2 timmars Inspirationsseminarium i H52s lokaler vid Mariatorget i Stockholm<br \/>\n21 november 2009<br \/>\nUtbildning i storytelling f\u00f6r\u00a0Rotary<br \/>\n17 november 2009<br \/>\nStorytelling f\u00f6r tredje\u00e5rsstudenterna vid KTHs Samh\u00e4llsbyggnadslinje<br \/>\n16 november 2009<br \/>\nStorytelling med bank- och fondm\u00e4nniskor hos Rewir.<br \/>\n14 november 2009<br \/>\nSeminarium hos Dataf\u00f6reningen i Sverige<br \/>\n5 november 2009<br \/>\n2 timmars Inspirationsseminarium i H52s lokaler vid Mariatorget i Stockholm<br \/>\n5 november 2009<br \/>\nInspirationsf\u00f6rel\u00e4sning och work shop i Stockholm hos\u00a0F\u00f6rbundet vi Unga<br \/>\n4 november 2009<br \/>\nTr\u00e4ffar Stockholms stads grundskolerektorer<br \/>\n29 oktober 2009<br \/>\nInspirationsf\u00f6rel\u00e4ser p\u00e5 Stockholms Universitet f\u00f6r\u00a0SU Innovation<br \/>\n28 oktober 2009<br \/>\nStorytelling med work shop hos Lennart Ericsson Fastigheter AB i Stockholm<br \/>\n21 oktober 2009<br \/>\nBer\u00e4ttelsens Makt. Seminarium vid Nobeldagarna i Karlskoga.<br \/>\n20 oktober 2009<br \/>\nStoryseminarium hos Almi Mitt, H\u00e4rn\u00f6sand<br \/>\n13 oktober 2009<br \/>\nStoryseminarium med sk\u00f6rd bland f\u00f6rtroendevalda sacomedarbetare fr\u00e5n regeringskansliet och riksdagen.<br \/>\n13 oktober 2009<br \/>\n2 timmars Inspirationsseminarium i H52s lokaler vid Mariatorget i Stockholm<br \/>\n7 oktober 2009<br \/>\nMedverkar i Inspirationsdag hos Sydsvenskan f\u00f6r deras annons\u00f6rer.<br \/>\n2 oktober 2009<br \/>\nChefsutbildning Malm\u00f6 Stad<br \/>\n1 oktober 2009<br \/>\nBes\u00f6ker CityAkademin i Malm\u00f6 d\u00e4r jag talar om organisationernas ber\u00e4ttelser om m\u00e4nniskor, varor och f\u00f6retagens tillkomst.<br \/>\n30 september 2009<br \/>\nLedarskapsarenan 2009, Den ideella sektorns arena om p\u00e5verkansarbete<br \/>\n30 september 2009<br \/>\nF\u00f6rel\u00e4sning i Sigtuna p\u00e5 uppdrag av Bildhotellet. Rubriken f\u00f6r seminariedagen \u00e4r &#8221;Skapa f\u00f6rdelar i f\u00f6retagets framtida utveckling! Att genom effektiva metoder f\u00f6rvalta f\u00f6retagets historiska bilder&#8230;Min uppgift \u00e4r att tala om de mentala ber\u00e4ttarbilderna sk\u00f6rdade ur ber\u00e4ttarkapitalet.<br \/>\n29 september 2009<br \/>\nSeminarium och planering med SCAs informat\u00f6rer<br \/>\n21 september 2009<br \/>\nChefsutbildning Malm\u00f6 Stad<br \/>\n17 september 2009<br \/>\nWednesday Relations \u00f6ppet endagsseminarium, Stockholm<br \/>\n8 september 2009<br \/>\n2 timmars Inspirationsseminarium i H52s lokaler vid Mariatorget i Stockholm<br \/>\n10 september 2009<br \/>\nChefsseminarium inom v\u00e4rdegrundsarbetet Skellefte\u00e5 kommun<br \/>\n1 september 2009<br \/>\nStorytelling-workshop i samband med ledar- och varum\u00e4rkesseminarium hos SCA Corporate tillsammans med SCA-d\u00f6ttrar som Edet, Libero, Tena, Tempo, Drypers, Tork mfl.<br \/>\n28 augusti 2009<br \/>\nStorytelling hos Svenska Kyrkan i \u00d6rebro<br \/>\n18 augusti 2009<br \/>\nKommunikationsseminarium med Svenska Taxif\u00f6rbundet p\u00e5 b\u00e5ten till Estland.<br \/>\n13 augusti 2009<br \/>\nHos ett l\u00e4kemedelsf\u00f6retag i Stockholm<br \/>\n30 juni 2009<br \/>\nStorytellingintroduktion och sk\u00f6rd med representanter fr\u00e5n olika delar av Skellefte\u00e5 kommun<br \/>\n17 juni 2009<br \/>\nInspirationsf\u00f6rel\u00e4sning om Storytelling f\u00f6r SAS-gruppens ink\u00f6psavdelning.<br \/>\n12 juni 2009<br \/>\nF\u00f6rel\u00e4sning hos varum\u00e4rkesbyr\u00e5n Rewir p\u00e5 deras sommarkonferens<br \/>\n11 juni 2009<br \/>\nInspirationsf\u00f6rel\u00e4sning hos SCA Corporate Communications<br \/>\n9 juni 2009<br \/>\nStorytelling och workshop vid ledardagar med Sp\u00e5nga-Tensta stadsdelsf\u00f6rvatning i Stockholms Stad.<br \/>\n5 juni 2009<br \/>\nDeltar med worksop i konferens med nyckelpersoner fr\u00e5n fyra byr\u00e5er inom Intellecta.<br \/>\n3 juni 2009<br \/>\nFrukostf\u00f6rel\u00e4sning tillsammans med Charlie Nordblom fr\u00e5n Volvo hos Solberg i G\u00f6teborg<br \/>\n28 maj 2009<br \/>\nPPM Frukostseminarium, Stockholm<br \/>\n27 maj 2009<br \/>\nSSAB i Borl\u00e4nge<br \/>\n26 maj 2009<br \/>\nFrukostf\u00f6rel\u00e4sning om Storytelling hos Tidningskompaniet i Stockholm<br \/>\n19 maj 2009<br \/>\nInformationsf\u00f6reningen i Stockholm, f\u00f6rel\u00e4sning f\u00f6r informationsstrategerna<br \/>\n15 maj 2009<br \/>\nDeltar i varum\u00e4rkesseminarium hos TMF, bransch- och arbetsgivareorganisation f\u00f6r f\u00f6retag verksamma i tr\u00e4- och m\u00f6belindustrin.<br \/>\n15 maj 2009<br \/>\nHos Jusek i Flen<br \/>\n12 maj 2009<br \/>\nSeminarium hos Sandvik Coromant i Sandviken<br \/>\n4 maj 2009<br \/>\nSeminarium och workshop f\u00f6r chefer i Stockholm Stad tillsammans med Lisa Ekstr\u00f6m.<br \/>\n30 april 2009<br \/>\nWorkshop hos Svenska Institutet i Stockholm<br \/>\n29 april 2009<br \/>\nWork Shop Stockholm Stad<br \/>\n28 april 2009<br \/>\nWednesday Relations \u00f6ppet endagsseminarium, Stockholm<br \/>\n23 april 2009<br \/>\nWork Shop Stockholm Stad<br \/>\n22 april 2009<br \/>\nMarknadsf\u00f6reningen i Skellefte\u00e5<br \/>\n21 april 2009<br \/>\nMedverkar i Tillv\u00e4xt Skellefte\u00e5s f\u00f6rel\u00e4sningsserie\u00a0<a href=\"http:\/\/www.skelleftea.se\/default.aspx?id=24872\">med storytelling<\/a>.<br \/>\n21 april 2009<br \/>\nUtbildning hos Pinax i Skellefte\u00e5<br \/>\n17 april 2009<br \/>\nWork Shop Stockholm Stad<br \/>\n16 april 2009<br \/>\nInspelning och utbildningsseminarium hos Spotlights PR-byr\u00e5 i Stockholm<br \/>\n15 april 2009<br \/>\nF\u00f6rel\u00e4sning och sk\u00f6rde-workshop hos RTK i Stockholm<br \/>\n26 mars 2009<br \/>\nInspirationsf\u00f6rels\u00e4ser hos Varum\u00e4rkesbyr\u00e5n Rewir.<br \/>\n23 mars 2009<br \/>\nInspirationsf\u00f6rel\u00e4sning och utbildning kommunikationsansvariga hos Stockholm Stad<br \/>\n20 mars 2009<br \/>\nWednesday Relations \u00f6ppet endagsseminarium, Stockholm<br \/>\n19 mars 2009<br \/>\nInspirationsf\u00f6rel\u00e4sning och work shop med storysk\u00f6rd hos Landsbygdsn\u00e4tverket<br \/>\n14 mars<br \/>\nF\u00f6rel\u00e4sning hos Rotary Blivande Presidenter Norra Stockholmsregionen i T\u00e4by<br \/>\n17- 18 februari 2009<br \/>\nFolkbildning och Social Ekonomi, Lule\u00e5<br \/>\n2 februari 2009<br \/>\nAmbassad\u00f6rer f\u00f6r kvinnors f\u00f6retagande,\u00a0<em>N\u00e4tet &#8211; Regionalt Kvinnligt Resurscentrum, J\u00f6nk\u00f6pings l\u00e4n<\/em><br \/>\n29 januari 2009<br \/>\nHos Sydsvenskan i Malm\u00f6 f\u00f6r att tala om deras egen organisationskultur och dess stories. Inbjuden av varum\u00e4rkesbyr\u00e5n Rewir.<br \/>\n27 januari 2009<br \/>\nKollektivtrafikbranschen Stockholm aprop\u00e5 regeringsuppdrag att dubbla kollektivtrafikresandet<br \/>\n22 januari 2009<br \/>\nMaknadsf\u00f6reningen i G\u00e4vle<br \/>\n21 januari 2009<br \/>\nArne Thuresson Byggmaterial AB \/\u00a0<em>Grabber<\/em>\u00a0\/<br \/>\n20 januari 2009<br \/>\nLunchseminarium p\u00e5 H52, Stockholm<br \/>\n17-18 december 2008<br \/>\nBanverket ICT i G\u00e4vle. F\u00f6rel\u00e4sning och mindre sk\u00f6rdefest.<br \/>\n16 december 2008<br \/>\nJusek Stockholm<br \/>\n10 december 2008<br \/>\nSpotlight Stockholm<br \/>\n5 december 2008<br \/>\nStorytellingseminarium \/ workshop hos Tings- och l\u00e4nsr\u00e4tten i Uppsala<br \/>\n3 december 2008<br \/>\nKurs hos Spotlight PR<br \/>\n2 december 2008<br \/>\nJusek Stockholm<br \/>\n24 november 2008<br \/>\nSvenska M\u00e4ssan<br \/>\n20 november 2008<br \/>\nLunchseminarium om storytelling hos Moderna Filmer<br \/>\n19 november 2008<br \/>\nJusek Stockholm<br \/>\n18 november 2008<br \/>\nJusek Stockholm<br \/>\n14 november 2008<br \/>\nWednesday Relations heldagsseminarium<br \/>\n13 november 2008<br \/>\nSvenska M\u00e4ssan G\u00f6teborg<br \/>\n10 november 2008<br \/>\nLunchf\u00f6rel\u00e4sning hos Rotary i Solna<br \/>\n29 oktober 2008<br \/>\nFrukostseminarium om storytelling hos Moderna Filmer<br \/>\n22 oktober 2008<br \/>\nLandbygdskonferens 2008 i Emmaboda<br \/>\n17 oktober 2008<br \/>\nStoryseminarium och sk\u00f6rdefest i G\u00f6teborg med alla anst\u00e4llda i Xdin.<br \/>\n16 oktober 2008<br \/>\nSandvik Coromant, Sandviken<br \/>\n15 oktober 2008<br \/>\nFolksam storyseminarium, Stockholm<br \/>\n9 oktober 2008<br \/>\nFlens kommun uppf\u00f6ljning storytelling<br \/>\n2 oktober 2008<br \/>\nLunchf\u00f6rel\u00e4sning hos Spotlight PR<br \/>\n25 september 2008<br \/>\nMed internationella marknadschefer fr\u00e5n Sandvik Coromant i \u00c5re<br \/>\n26 september 2008<br \/>\nBotkyrka kommuns chefsdag<br \/>\n19 september 2008<br \/>\nFlens kommun storytelling<br \/>\n12 september 2008<br \/>\nFrukostseminarium Marknadsf\u00f6reningen i Helsingborg<br \/>\n9 september 2008<br \/>\nSeminarium med informat\u00f6rerna Stockholms Stad<br \/>\n3 september 2008<br \/>\nStorytelling p\u00e5 Solbergseminarium<br \/>\n3 sepember 2008<br \/>\nAgria, Storytellingseminarium<br \/>\n28 augusti 2008<br \/>\nSeminarium f\u00f6r internationella regionchefer inom Diakonia<br \/>\n26-27 augusti 2008<br \/>\nLedarnas personaldag i Kolm\u00e5rden<br \/>\n25 augusti 2008<br \/>\nStorytellingstrategiskt m\u00f6te med kommunikat\u00f6rerna i Botkyrka<br \/>\n14 augusti 2008<br \/>\nFrukostm\u00f6te ang\u00e5ende Storytelling p\u00e5 Folksam<br \/>\n10 juli 2008<br \/>\nSamlande av ber\u00e4ttelser p\u00e5 S\u00e4fsendagarna<br \/>\n18 juni 2008<br \/>\nStorytelling med f\u00f6rvaltningscheferna i Botkyrka<br \/>\n13 juni 2008<br \/>\nPPM-dag<br \/>\n3 juni 2008<br \/>\nStorytelling socialf\u00f6rvaltningen i Botkyrka<br \/>\n29 maj 2008<br \/>\nSveaskog<br \/>\n27 maj 2008<br \/>\nPPM-seminarium<br \/>\n14 maj 2008<br \/>\nFramg\u00e5ngsrik kompetensf\u00f6rs\u00f6rjning inom offentlig sektor, seminarium med Conductive, Stockholm.<br \/>\n29 april 2008<br \/>\nSvenska M\u00e4ssan i G\u00f6teborg, chefsutbildning<br \/>\n25 april 2008<br \/>\nSeminarium heldag med Wednesday Relations, Stockholm.<br \/>\n22 april 2008<br \/>\nH\u00e5ller seminarium i Stockholm vid Nordisk N\u00e4tverkstr\u00e4ff inom Sveriges HR F\u00f6rening<br \/>\n18 april 2008<br \/>\nF\u00f6rel\u00e4sning med storysk\u00f6rdande hos F\u00f6reningen f\u00f6r hj\u00e4rtsjuka barn, FFHB, i Norge.<br \/>\n17 april 2008<br \/>\nStorytelling socialf\u00f6rvaltningen i Botkyrka<br \/>\n16 april<br \/>\nStorytellingseminarium och sk\u00f6rd med informat\u00f6rer i Botkyrka kommun<br \/>\n16 april 2008<br \/>\nStockholms universitet HR-utbildningen Pao<br \/>\n15 april 2008<br \/>\nSynligg\u00f6r er kulturidentitet, seminarium med Conductive, Stockholm.<br \/>\n12 april 2008<br \/>\nInspirationsf\u00f6rel\u00e4sning och workshop Norrmejerier.<br \/>\n3 april 2008<br \/>\nF\u00f6rel\u00e4sningar p\u00e5 Easy Fairs Butiksm\u00e4ssa, Stockholm<br \/>\n2 april 2008<br \/>\nStorytelling socialf\u00f6rvaltningen i Botkyrka<br \/>\n7 mars 2008<br \/>\nSeminarium hos GFBU, Branschf\u00f6reningen<br \/>\nGoda F\u00f6retagare f\u00f6r Barn och Unga<br \/>\n7 mars 2008<br \/>\nStorytelling socialf\u00f6rvaltningen i Botkyrka<br \/>\n3-4 mars 2008<br \/>\nF\u00f6rel\u00e4sningar p\u00e5 NBIs KY-utbildning Storytelling &amp; Dramaturgi, V\u00e4xj\u00f6.<br \/>\n25 februari 2008<br \/>\nHalvdag p\u00e5 M\u00e4lardalens h\u00f6gskola<br \/>\n12 februari 2008<br \/>\n\u00d6nskerepris p g a fullbel\u00e4ggning f\u00f6rra g\u00e5ngen, Frukostseminarium med Sveriges Annons\u00f6rer, Stockholm<br \/>\n11 februari 2008<br \/>\nH\u00f6gskolan i Bor\u00e5s, Campus Varberg<br \/>\n31 januari 2008<br \/>\nWorkshop med Lantm\u00e4nnen Lantbruk, Tyl\u00f6sand<br \/>\n24 januari 2008<br \/>\nLexter frukostseminarium, Stockholm<br \/>\n11 januari 2008<br \/>\nAfter Work Content Talarbyr\u00e5n, Stockholm<br \/>\n6 december 2007<br \/>\nUpplands Lokaltrafik Furuviksparken filmrelease<br \/>\n4 december 2007<br \/>\nHuddinge kommun, Huddinge<br \/>\n15 november 2007<br \/>\nRegion Sk\u00e5ne, kulturevenemang i Malm\u00f6<br \/>\n7 november 2007<br \/>\nHos Pao, Human Resourcestudenterna vid Stockholms Universitet<br \/>\n6 november 2007<br \/>\nSvensk Handel, Uppsala<br \/>\n6 november 2007<br \/>\nSveriges Annons\u00f6rer, Stockholm<br \/>\n30 oktober 2007<br \/>\nF\u00f6rlossningsstories, N\u00c4L, Trollh\u00e4ttan<br \/>\n26 oktober 2007<br \/>\nWedensday Relations, Stockholm<br \/>\n25 oktober 2007<br \/>\nSifu, Stockholm<br \/>\n24 oktober 2007<br \/>\nHos Handelskammaren i Uppsala<br \/>\n18-19 oktober 2007<br \/>\nForum f\u00f6r V\u00e4rdskap, \u00c5re<br \/>\n12 oktober 2007<br \/>\nF\u00f6rel\u00e4sning och sk\u00f6rdande hos Botkyrka kommun, Resursenheten, Socialf\u00f6rvaltningen i Fittja.<br \/>\n9 oktober 2007<br \/>\nChefsseminarium hos Pfizer.<br \/>\n8 oktober 2007<br \/>\nSeminarium och mindre sk\u00f6rd hos Mentor ur deras elev- f\u00f6r\u00e4ldraber\u00e4ttelser<br \/>\n27 september 2007<br \/>\nL\u00e4nsstyrelsen, Stockholm<br \/>\n25 september 2007<br \/>\nSelldorado Stockholm<br \/>\n21 september 2007<br \/>\nSelldorado, G\u00f6teborg<br \/>\n20 september 2007<br \/>\nMalm\u00f6 Stad<br \/>\n20 september 2007<br \/>\nSelldorado, Lund<br \/>\n12 september 2007<br \/>\nSelldorado, Stockholm<br \/>\n4 september 2007<br \/>\nSelldorado, G\u00f6teborg<br \/>\n1 september &#8211; 15 december 2007<br \/>\nDistansutbildning i samarbete med Berghs School of Communication.<br \/>\n31 augusti 2007<br \/>\nUtbildning Framn\u00e4sgruppen, Stockholm<br \/>\n28 augusti 2007<br \/>\nSelldorado, Stockholm<br \/>\n24-25 augusti 2007<br \/>\nLindebergs Grant Thornton, Visby<br \/>\n22 augusti 2007<br \/>\nSelldorado, G\u00f6teborg<br \/>\n21 augusti 2007<br \/>\nSelldorado, Lund<br \/>\n16 augusti 2007<br \/>\nSeldorado, Stockholm<br \/>\n11 juni 2007<br \/>\nF\u00f6rel\u00e4sning f\u00f6r IT-kvinnor i Stockholm, ITQ. Det sker p\u00e5 Dataf\u00f6reningen i Stockholm.<br \/>\n5 juni<br \/>\nHeldagsseminarium med storysk\u00f6rd p\u00e5 V\u00e4gtrafikinspektionen.<br \/>\n2 juni 2007<br \/>\nF\u00f6rel\u00e4sning f\u00f6r avg\u00e5ngsstudenter vid Berghs School of Communication i Stockholm<br \/>\n30 maj 2007<br \/>\nF\u00f6r H\u00f6gskoleverkets informat\u00f6rer i \u00d6stersund<br \/>\n23 maj 2007<br \/>\nHeldagsseminarium i samarbete med Wednesday Relations i Stockholm<br \/>\n15 maj 2007<br \/>\nF\u00f6rel\u00e4sning och storysk\u00f6rdande med Almi Uppland i Uppsala<br \/>\n11 maj 2007<br \/>\nF\u00f6rel\u00e4ser f\u00f6r Botkyrka kommun<br \/>\n10 maj 2007<br \/>\nHos Cumpan och talar Storytelling f\u00f6r Svenska Kyrkans folk<br \/>\n10 maj 2007<br \/>\nAlmi Sk\u00e5ne i Malm\u00f6<br \/>\n9 maj 2007<br \/>\nTalar om stories fr\u00e5n min tidigare uppdragsgivare Diakonia p\u00e5 Insamlingsforum<br \/>\n9 maj 2007<br \/>\nEricsson i Kista. Internationell grupp stor Storyextas.<br \/>\n8 maj 2007<br \/>\nF\u00f6rel\u00e4sning och storysk\u00f6rdande med Almi V\u00e4rmland och N\u00e4rke i Karskoga<br \/>\n4 maj 2007<br \/>\nFrukostf\u00f6rel\u00e4sning hos V\u00e4rdskapet, Stockholm<br \/>\n20 april 2007<br \/>\nUpplands Lokaltrafik, Uppsala<br \/>\n18 april 2007<br \/>\nKonferens med Coompanion fr\u00e5n hela landet samlade i Nyn\u00e4shamn<br \/>\n18 april 2007<br \/>\nHandelns dag i Kalmar<br \/>\n17 april 2007<br \/>\nIQPC-konferens i Stockholm<br \/>\n13 april 2007<br \/>\nM\u00e4lardalens H\u00f6gskola i Eskilstuna<br \/>\n10 april 2007<br \/>\nF\u00f6rel\u00e4sning hos personalvetarna vid Stockholms univeristet<br \/>\n22 mars 2007<br \/>\nF\u00f6rel\u00e4sning och mindre sk\u00f6rd Green Cargo, chefskonferens i Stockholm<br \/>\n14 mars 2007<br \/>\nF\u00f6rel\u00e4ser om Corporate Storytelling f\u00f6r en grupp utredare vid F\u00f6r\u00e4skringskassans huvudkontor.<br \/>\n13 mars 2007<br \/>\nF\u00f6rel\u00e4ser p\u00e5 The Confernce 07 p\u00e5 Berns. Ett arrangemang av Wqedneday Relations som lockar 170 deltagare.<br \/>\n1 -\u2013 2 mars 2007<br \/>\nSeminarier i \u00d6-vik och Sundsvall p\u00e5 uppdrag av Almi V\u00e4sternorrland.<br \/>\n8 februari 2007<br \/>\nUtbildning av SIF:s informat\u00f6rer fr\u00e5n hela landet.<br \/>\nFebruari \u2013 juni 2007<br \/>\nEtt l\u00e4ngre uppdrag \u00e5t Upplands Lokaltrafik f\u00f6r att sk\u00f6rda kulturb\u00e4rande stories inf\u00f6r ett st\u00f6rre jubileum.<br \/>\nFebruari \u2013 juni 2007<br \/>\nHuvudl\u00e4rare i Corporate Storytelling i KY-utbildningen Storytelling &amp; Dramaturgi i V\u00e4xj\u00f6.<br \/>\nJanuari -\u2013 mars 2007<br \/>\nDeltar som Corporate Storyteller i V\u00e4stra G\u00f6talandsregionens Skolmatsakademi i G\u00f6teborg, Vara, Udevalla och Sk\u00f6vde.<br \/>\nJanuari \u2013 februari 2007<br \/>\nInleder ett arbete med Resursteamet i Stockholm f\u00f6r att sk\u00f6rda deras viktigast v\u00e4rderingsb\u00e4rande ber\u00e4ttelser.<br \/>\n14 december 2006<br \/>\nDeltar i Personalvetardagen som arrangeras av Personalvetarstudenternas organisation PAF.<br \/>\n24 november 2006<br \/>\nF\u00f6rel\u00e4ser och introducerar Corporate Storytelling f\u00f6r en stor grupp informat\u00f6rer i V\u00e4stra G\u00f6talandsregionen.<br \/>\n22-23 november 2006<br \/>\nTv\u00e5 dagars konferens i regi av IBC Euroforum i Stockholm. \u00c4r moderator och h\u00e5ller dessutom tv\u00e5 enskilda f\u00f6rel\u00e4sningar.<br \/>\n21 november 2006<br \/>\nStor turism- och upplevelsekonferens i \u00d6stersund. H\u00e5ller i f\u00f6rmiddagen. Erik Nissen Johansen h\u00e5ller i eftermiddagen.<br \/>\n17 november 2006<br \/>\nUndervisar om Corporate Storytelling p\u00e5 Kungliga Tekniska H\u00f6gskolan.<br \/>\n14 november 2006<br \/>\nF\u00f6rel\u00e4ser f\u00f6r personalvetarna p\u00e5 Stockholms universitet.<br \/>\n9 november 2006<br \/>\nUndervisar om Corporate Storytelling p\u00e5 Kungliga Tekniska H\u00f6gskolan.<br \/>\n24 oktober 2006<br \/>\nStockholm J\u00e4mt. Storytelling hos j\u00e4mst\u00e4lldhetsgrupp.<br \/>\n17 oktober 2006<br \/>\nMatts Heijbel inleder den \u00e5rliga Destinationsdagen p\u00e5 M\u00e4ssan i G\u00f6teborg.<br \/>\n17 oktober 2006<br \/>\nH\u00e5ller ett seminarium hos Informationsf\u00f6reningens Erfa-grupp Varum\u00e4rke i Stockholm.<br \/>\nOktober 2006<br \/>\nMatts Heijbel genomf\u00f6r och examinerar under hela oktober en 4-po\u00e4ngskurs f\u00f6r Spr\u00e5kkonsultlinjen vid institutionen f\u00f6r Nordiska Spr\u00e5k p\u00e5 Stockholms Universitet<br \/>\n3 \u2013 5 oktober 2006<br \/>\n3-dagarsutbildning hos Visma\/Spcs i V\u00e4xj\u00f6<br \/>\n29 september 2006<br \/>\nStorytelling hos Arbetsmilj\u00f6verket i Stockholm<br \/>\n28 september 2006<br \/>\nLunchseminarium hos Marknadsf\u00f6reningen i Uppsala<br \/>\nMatts Heijbel h\u00e5ller seminariedag om Storytelling f\u00f6r projektledare i olika j\u00e4mst\u00e4lldhetsprojekt kopplade till Sthlm J\u00e4mt.<br \/>\n26 september 2006<br \/>\nDeltar i F\u00f6reningssparbankens finanssymposium i \u00d6sterrike.<br \/>\n20 september 2006<br \/>\nSaab Technologies<br \/>\n14 september 2006<br \/>\nRoatry i Str\u00e4ngn\u00e4s<br \/>\n13 september 2006<br \/>\nHos Veritas Communication.<br \/>\n5 september 2006<br \/>\nSaab Technologies<br \/>\n31 augusti 2006<br \/>\nHos Vinco i Stockholm<br \/>\n30 augusti 2006<br \/>\nAlmikonferens i V\u00e4ster\u00e5s<br \/>\n26 augsuti 2006<br \/>\nSas Sweden storytellingextas i samband med 60-\u00e5rsjubileum p\u00e5 Globen<br \/>\n8 augusti 2006<br \/>\nElevorganisationen Svea<br \/>\n20 juni 2006<br \/>\nSvenska Taxif\u00f6rbundets kongress i Uppsala.<br \/>\n15 juni 2006<br \/>\nLunchf\u00f6rel\u00e4sning hos Spotlight PR<br \/>\n14 juni 2006<br \/>\nHos HR Thomson Fakta<br \/>\n9 maj 2006<br \/>\nKompetensdag hos Svenska Institutet<\/p>\n","protected":false},"excerpt":{"rendered":"<p>Allt p\u00e5g\u00e5r som vanligt men jag har blivit d\u00e5lig p\u00e5 att uppdatera. En del uppdragsgivare vill heller inte att jag ber\u00e4ttar om dem. D\u00e4r har en f\u00f6r\u00e4ndring intr\u00e4ffat p\u00e5 senare \u00e5r. Jag jobbar allts\u00e5 p\u00e5 som vanligt med uppdrag och utbildningar. P\u00e5\u00a0svenska och engelska. Jag, Matts Heijbel, har l\u00f6pande best\u00e4llda, ofta skr\u00e4ddarsydda, utbildningar och seminarier&#8230;<\/p>\n","protected":false},"author":2,"featured_media":0,"parent":0,"menu_order":0,"comment_status":"open","ping_status":"open","template":"","meta":[],"_links":{"self":[{"href":"https:\/\/storytellers.se\/index.php?rest_route=\/wp\/v2\/pages\/3533"}],"collection":[{"href":"https:\/\/storytellers.se\/index.php?rest_route=\/wp\/v2\/pages"}],"about":[{"href":"https:\/\/storytellers.se\/index.php?rest_route=\/wp\/v2\/types\/page"}],"author":[{"embeddable":true,"href":"https:\/\/storytellers.se\/index.php?rest_route=\/wp\/v2\/users\/2"}],"replies":[{"embeddable":true,"href":"https:\/\/storytellers.se\/index.php?rest_route=%2Fwp%2Fv2%2Fcomments&post=3533"}],"version-history":[{"count":0,"href":"https:\/\/storytellers.se\/index.php?rest_route=\/wp\/v2\/pages\/3533\/revisions"}],"wp:attachment":[{"href":"https:\/\/storytellers.se\/index.php?rest_route=%2Fwp%2Fv2%2Fmedia&parent=3533"}],"curies":[{"name":"wp","href":"https:\/\/api.w.org\/{rel}","templated":true}]}}