{"id":3398,"date":"2013-06-19T16:08:30","date_gmt":"2013-06-19T14:08:30","guid":{"rendered":"http:\/\/heijbel.wordpress.com\/?page_id=3398"},"modified":"2013-06-19T16:08:30","modified_gmt":"2013-06-19T14:08:30","slug":"corp-story-intro","status":"publish","type":"page","link":"https:\/\/storytellers.se\/?page_id=3398","title":{"rendered":"Storytelling och Heijbelmodellen"},"content":{"rendered":"<p>Sen tusen\u00e5rsskiftet har <em>Corporate Storytelling<\/em> &#8211; eller <em>Storytelling i och om organisationer<\/em> som det ocks\u00e5 kallas &#8211; uppm\u00e4rksammats i Sverige. Jag, <strong>Matts Heijbel,\u00a0<\/strong>som driver den h\u00e4r webbplatsen, \u00e4r f\u00f6rfattare och journalist med socialantropologisk bakgrund. Jag \u00e4r den den mest erfarne Corporate Storytellern i Sverige.<\/p>\n<p><a href=\"http:\/\/heijbel.files.wordpress.com\/2013\/06\/matts-heijbel.jpg\"><img decoding=\"async\" loading=\"lazy\" class=\"alignleft size-thumbnail wp-image-3512\" alt=\"Matts-heijbel\" src=\"http:\/\/heijbel.files.wordpress.com\/2013\/06\/matts-heijbel.jpg?w=150\" width=\"150\" height=\"86\" \/><\/a>Sen 1999 har jag arbetat med uppdragsgivare inom privat, offentlig och ideell sektor. Jag har undervisat i \u00e4mnet i universitet och h\u00f6gskolor. Jag har ocks\u00e5 skrivit boken <em><strong>Storytelling befolkar varum\u00e4rket, <\/strong><\/em>(tredje upplagan 2014)<strong><\/strong><em><strong>\u00a0<\/strong><\/em>som bland annat har prisats i t\u00e4vlingen \u00c5rets Marknadsf\u00f6ringsbok.<\/p>\n<p>Bland privata uppdragsgivare har Storytellers exempelvis Volvo, Sca, Saab, SSAB, och Det Norske Veritas. Bland myndigheter exempelvis ESF, Arbetsmilj\u00f6verket, Vinnova, Tillv\u00e4xtverket, Trafikverket, Svenska Institutet och Statens Medier\u00e5d. Bland ideella Svenska Kyrkan, Erikshj\u00e4lpen, Ideell Arena, Diakonia, SSU och Canterpartiet. Kommunala organisationer bland andra Stockholm, Malm\u00f6, Flen, Skellefte\u00e5, Botkyrka, S\u00f6dert\u00e4lje, Karlstad, Uppsala, Sundbyberg och Helsingborg.\u00a0P\u00e5 senare \u00e5r har allt fler uppdrag haft anknytning till EU och olika EU-projekt.<\/p>\n<p>Varje f\u00f6retag och varje organisation h\u00e5lls samman och utvecklas med hj\u00e4lp av ber\u00e4ttelser. Det handlar om sanna ber\u00e4ttelser i och om organisationen och ber\u00e4ttelser aprop\u00e5 organisationen och dess varor och tj\u00e4nster. Ber\u00e4ttelserna kompletterar och kan ibland faktiskt ers\u00e4tta siffror, diagram och olika juridiska framst\u00e4llningar. Statistik utan vidh\u00e4ngande relevanta ber\u00e4ttelser riskerar att inte n\u00e5 fram.<\/p>\n<p>Ber\u00e4ttelserna \u00e4r en del av organisationernas kulturkapital. De finns alltid d\u00e4r och de kan med f\u00f6rdel sk\u00f6rdas, f\u00f6rpackas och anv\u00e4ndas b\u00e5de i varum\u00e4rkesbyggande, interninformation, marknadsf\u00f6ring, ledarskap \u00a0och rekryteringssammanhang.<\/p>\n<p><em>Heijbelmodellen<\/em> betraktar exempelvis f\u00f6retaget som en stam, en flock, en \u00a0tribe eller en by, med ett visst uppdrag. Man letar fram de sanna aff\u00e4rsst\u00f6djande, sammanh\u00e5llande och organisationsutvecklande ber\u00e4ttelserna och anv\u00e4nder dem sen i utvecklingen av organisationen. Detta \u00e4r effektivt och anv\u00e4ndbart, inte minst i m\u00e5l- och visionsarbetet.<\/p>\n<p>Dramaturgin i storytellersammanhang skiljer sig fr\u00e5n den i vanlig copy, journalistik, vetenskaps- och rapportprosa. Det \u00e4r det en Corporate Storyteller vet. Han eller hon vet ocks\u00e5 hur man strategiskt och aff\u00e4rsmedvetet s\u00f6ker, finner, f\u00f6rpackar och anv\u00e4nder organisationens ber\u00e4ttelser. Det handlar allts\u00e5 om ett befolkat, h\u00e4ndelsebaserat ber\u00e4ttande.<\/p>\n<p>Storytellers.se vill vara den naturliga m\u00f6tesplatsen f\u00f6r dem som \u00e4r intresserade av dessa och som vill komma i kontakt med professionella Corporate Storytellers och med artiklar och forskning p\u00e5 omr\u00e5det.<\/p>\n<p><em><a href=\"http:\/\/heijbel.files.wordpress.com\/2013\/07\/storytelling_boken1.jpg\"><img decoding=\"async\" loading=\"lazy\" class=\"alignleft size-thumbnail wp-image-3516\" alt=\"storytelling_boken1\" src=\"http:\/\/heijbel.files.wordpress.com\/2013\/07\/storytelling_boken1.jpg?w=120\" width=\"120\" height=\"150\" \/><\/a>Heijbelmodellen<\/em> beskrivs i boken <em><strong>Storytellers befolkar varum\u00e4rket<\/strong> <\/em>och ett antal akademiska uppsatser. Den utg\u00e5r fr\u00e5n att det finns h\u00e4ndelsebaserade befolkade ber\u00e4ttelser i och kring organisationer och f\u00f6retag. Dessa ber\u00e4ttelser kan allts\u00e5 sk\u00f6rdas och s\u00e4ttas i arbete. Man kan sprida dem via muntligt ber\u00e4ttande, text eller video. N\u00e4r man filmar har filmerna i regel en dokument\u00e4r karakt\u00e4r och \u00e4r g\u00e4rna monologer utan klipp p\u00e5 cirka 2 minuter per film.<\/p>\n<p>Heijbelmodellen g\u00f6r det m\u00f6jligt att via inspirationsf\u00f6rel\u00e4sning, workshop och sk\u00f6rdefest s\u00f6ka, finna, sk\u00f6rda och filma ber\u00e4ttelser p\u00e5 en enda dag.<\/p>\n","protected":false},"excerpt":{"rendered":"<p>Sen tusen\u00e5rsskiftet har Corporate Storytelling &#8211; eller Storytelling i och om organisationer som det ocks\u00e5 kallas &#8211; uppm\u00e4rksammats i Sverige. Jag, Matts Heijbel,\u00a0som driver den h\u00e4r webbplatsen, \u00e4r f\u00f6rfattare och journalist med socialantropologisk bakgrund. Jag \u00e4r den den mest erfarne Corporate Storytellern i Sverige. Sen 1999 har jag arbetat med uppdragsgivare inom privat, offentlig och&#8230;<\/p>\n","protected":false},"author":2,"featured_media":0,"parent":0,"menu_order":0,"comment_status":"open","ping_status":"open","template":"","meta":[],"_links":{"self":[{"href":"https:\/\/storytellers.se\/index.php?rest_route=\/wp\/v2\/pages\/3398"}],"collection":[{"href":"https:\/\/storytellers.se\/index.php?rest_route=\/wp\/v2\/pages"}],"about":[{"href":"https:\/\/storytellers.se\/index.php?rest_route=\/wp\/v2\/types\/page"}],"author":[{"embeddable":true,"href":"https:\/\/storytellers.se\/index.php?rest_route=\/wp\/v2\/users\/2"}],"replies":[{"embeddable":true,"href":"https:\/\/storytellers.se\/index.php?rest_route=%2Fwp%2Fv2%2Fcomments&post=3398"}],"version-history":[{"count":0,"href":"https:\/\/storytellers.se\/index.php?rest_route=\/wp\/v2\/pages\/3398\/revisions"}],"wp:attachment":[{"href":"https:\/\/storytellers.se\/index.php?rest_route=%2Fwp%2Fv2%2Fmedia&parent=3398"}],"curies":[{"name":"wp","href":"https:\/\/api.w.org\/{rel}","templated":true}]}}